{"id":13,"date":"2025-05-06T13:46:00","date_gmt":"2025-05-06T11:46:00","guid":{"rendered":"https:\/\/staatsmedien-nein-danke.ch\/?page_id=13"},"modified":"2025-07-16T13:23:38","modified_gmt":"2025-07-16T11:23:38","slug":"referendum","status":"publish","type":"page","link":"https:\/\/staatsmedien-nein-danke.ch\/it\/","title":{"rendered":"Referendum"},"content":{"rendered":"<div data-elementor-type=\"wp-page\" data-elementor-id=\"13\" class=\"elementor elementor-13\" data-elementor-settings=\"{&quot;ha_cmc_init_switcher&quot;:&quot;no&quot;}\" data-elementor-post-type=\"page\">\n\t\t\t\t<div class=\"elementor-element elementor-element-4966294 e-flex e-con-boxed e-con e-parent\" data-id=\"4966294\" data-element_type=\"container\" data-settings=\"{&quot;background_background&quot;:&quot;classic&quot;,&quot;_ha_eqh_enable&quot;:false}\" data-no-translation=\"\">\n\t\t\t\t\t<div class=\"e-con-inner\">\n\t\t<div class=\"elementor-element elementor-element-db7db8c e-con-full e-flex e-con e-child\" data-id=\"db7db8c\" data-element_type=\"container\" data-settings=\"{&quot;background_background&quot;:&quot;classic&quot;,&quot;_ha_eqh_enable&quot;:false}\">\n\t\t\t\t<div class=\"elementor-element elementor-element-3640ae3 elementor-widget__width-initial elementor-widget elementor-widget-heading\" data-id=\"3640ae3\" data-element_type=\"widget\" data-widget_type=\"heading.default\">\n\t\t\t\t<div class=\"elementor-widget-container\">\n\t\t\t\t\t<h1 class=\"elementor-heading-title elementor-size-default\">NO ai milioni delle imposte<br>\nper i grandi gruppi mediatici<\/h1>\t\t\t\t<\/div>\n\t\t\t\t<\/div>\n\t\t\t\t<\/div>\n\t\t\t\t\t<\/div>\n\t\t\t\t<\/div>\n\t\t<div class=\"elementor-element elementor-element-b85c61c e-flex e-con-boxed e-con e-parent\" data-id=\"b85c61c\" data-element_type=\"container\" data-settings=\"{&quot;_ha_eqh_enable&quot;:false}\">\n\t\t\t\t\t<div class=\"e-con-inner\">\n\t\t<div class=\"elementor-element elementor-element-1357c26 e-con-full e-flex e-con e-child\" data-id=\"1357c26\" data-element_type=\"container\" data-settings=\"{&quot;_ha_eqh_enable&quot;:false}\">\n\t\t\t\t<div class=\"elementor-element elementor-element-3691f30 elementor-widget elementor-widget-heading\" data-id=\"3691f30\" data-element_type=\"widget\" data-widget_type=\"heading.default\">\n\t\t\t\t<div class=\"elementor-widget-container\">\n\t\t\t\t\t<h3 class=\"elementor-heading-title elementor-size-default\">Il referendum contro la modifica della Legge sulle poste \u00e8 purtroppo fallito<\/h3>\t\t\t\t<\/div>\n\t\t\t\t<\/div>\n\t\t\t\t<\/div>\n\t\t<div class=\"elementor-element elementor-element-7c99b12 e-con-full e-flex e-con e-child\" data-id=\"7c99b12\" data-element_type=\"container\" data-settings=\"{&quot;_ha_eqh_enable&quot;:false}\">\n\t\t\t\t<\/div>\n\t\t\t\t\t<\/div>\n\t\t\t\t<\/div>\n\t\t<div class=\"elementor-element elementor-element-8e668c5 e-flex e-con-boxed e-con e-parent\" data-id=\"8e668c5\" data-element_type=\"container\" data-settings=\"{&quot;_ha_eqh_enable&quot;:false}\">\n\t\t\t\t\t<div class=\"e-con-inner\">\n\t\t\t\t<div class=\"elementor-element elementor-element-72a43f9 elementor-widget elementor-widget-text-editor\" data-id=\"72a43f9\" data-element_type=\"widget\" data-widget_type=\"text-editor.default\">\n\t\t\t\t<div class=\"elementor-widget-container\">\n\t\t\t\t\t\t\t\t\t<p data-start=\"144\" data-end=\"410\">Nonostante il grande impegno e la partecipazione attiva della popolazione, il referendum contro l\u2019ampliamento del finanziamento indiretto dei media deciso dal Parlamento non ha raggiunto il numero necessario di firme valide.<\/p><p data-start=\"412\" data-end=\"577\">Le ragioni sono molteplici: la raccolta \u00e8 iniziata tardi, l\u2019attenzione pubblica era rivolta ad altri temi e il sostegno politico \u00e8 stato limitato.<\/p><p data-start=\"579\" data-end=\"769\">Ringraziamo di cuore tutte le persone che si sono impegnate con convinzione, tempo ed energia \u2013 raccogliendo firme, facendo donazioni o diffondendo il nostro messaggio.<\/p><p data-start=\"771\" data-end=\"925\">Anche se non abbiamo raggiunto questo obiettivo, il nostro impegno per un panorama mediatico indipendente e una democrazia trasparente rimane incrollabile.<\/p><p data-start=\"927\" data-end=\"1006\"><strong data-start=\"927\" data-end=\"1006\">\ud83d\udcaa Andiamo avanti \u2013 per la libert\u00e0, i diritti fondamentali e una politica dei media equa.<\/strong><\/p>\t\t\t\t\t\t\t\t<\/div>\n\t\t\t\t<\/div>\n\t\t\t\t\t<\/div>\n\t\t\t\t<\/div>\n\t\t<div class=\"elementor-element elementor-element-bc1d91e e-flex e-con-boxed e-con e-parent\" data-id=\"bc1d91e\" data-element_type=\"container\" data-settings=\"{&quot;_ha_eqh_enable&quot;:false}\">\n\t\t\t\t\t<div class=\"e-con-inner\">\n\t\t\t\t<div class=\"elementor-element elementor-element-3fec7c9 elementor-widget-divider--view-line elementor-widget elementor-widget-divider\" data-id=\"3fec7c9\" data-element_type=\"widget\" data-widget_type=\"divider.default\">\n\t\t\t\t<div class=\"elementor-widget-container\">\n\t\t\t\t\t\t\t<div class=\"elementor-divider\">\n\t\t\t<span class=\"elementor-divider-separator\">\n\t\t\t\t\t\t<\/span>\n\t\t<\/div>\n\t\t\t\t\t\t<\/div>\n\t\t\t\t<\/div>\n\t\t\t\t<div class=\"elementor-element elementor-element-0d3e39d elementor-widget elementor-widget-spacer\" data-id=\"0d3e39d\" data-element_type=\"widget\" data-widget_type=\"spacer.default\">\n\t\t\t\t<div class=\"elementor-widget-container\">\n\t\t\t\t\t\t\t<div class=\"elementor-spacer\">\n\t\t\t<div class=\"elementor-spacer-inner\"><\/div>\n\t\t<\/div>\n\t\t\t\t\t\t<\/div>\n\t\t\t\t<\/div>\n\t\t\t\t<div class=\"elementor-element elementor-element-cb81036 elementor-widget elementor-widget-heading\" data-id=\"cb81036\" data-element_type=\"widget\" data-widget_type=\"heading.default\">\n\t\t\t\t<div class=\"elementor-widget-container\">\n\t\t\t\t\t<h3 class=\"elementor-heading-title elementor-size-default\">Il Parlamento vuole distribuire miliardi ai media privati \u2013 contro la volont\u00e0 del popolo.<\/h3>\t\t\t\t<\/div>\n\t\t\t\t<\/div>\n\t\t\t\t<div class=\"elementor-element elementor-element-65eaf67 elementor-widget elementor-widget-text-editor\" data-id=\"65eaf67\" data-element_type=\"widget\" data-widget_type=\"text-editor.default\">\n\t\t\t\t<div class=\"elementor-widget-container\">\n\t\t\t\t\t\t\t\t\t<p>Nel 2022, il popolo ha chiaramente respinto le nuove sovvenzioni ai media.\nNonostante ci\u00f2, il Parlamento vuole aumentare massicciamente i sussidi \u2013 di ben 245 milioni di franchi.\nE questo \u00e8 solo l\u2019inizio: nei prossimi anni, gli editori privati potrebbero ricevere <strong>oltre 1,4 miliardi<\/strong> .<\/p><p><strong data-start=\"748\" data-end=\"803\">Aiutateci a fermare questo spreco di denaro pubblico.<\/strong><\/p>\t\t\t\t\t\t\t\t<\/div>\n\t\t\t\t<\/div>\n\t\t\t\t\t<\/div>\n\t\t\t\t<\/div>\n\t\t<div class=\"elementor-element elementor-element-dcd9ec1 e-flex e-con-boxed e-con e-parent\" data-id=\"dcd9ec1\" data-element_type=\"container\" data-settings=\"{&quot;_ha_eqh_enable&quot;:false}\">\n\t\t\t\t\t<div class=\"e-con-inner\">\n\t\t\t\t<div class=\"elementor-element elementor-element-021a032 elementor-widget elementor-widget-heading\" data-id=\"021a032\" data-element_type=\"widget\" data-widget_type=\"heading.default\">\n\t\t\t\t<div class=\"elementor-widget-container\">\n\t\t\t\t\t<h3 class=\"elementor-heading-title elementor-size-default\">\u274c Ecco perch\u00e9 diciamo NO alla legge sui media di Stato controllati<\/h3>\t\t\t\t<\/div>\n\t\t\t\t<\/div>\n\t\t\t\t\t<\/div>\n\t\t\t\t<\/div>\n\t\t<div class=\"elementor-element elementor-element-9a5de61 e-grid e-con-boxed e-con e-parent\" data-id=\"9a5de61\" data-element_type=\"container\" data-settings=\"{&quot;animation&quot;:&quot;none&quot;,&quot;_ha_eqh_enable&quot;:false}\">\n\t\t\t\t\t<div class=\"e-con-inner\">\n\t\t\t\t<div class=\"elementor-element elementor-element-8bc1456 ha-has-bg-overlay elementor-invisible elementor-widget elementor-widget-icon-box\" data-id=\"8bc1456\" data-element_type=\"widget\" data-settings=\"{&quot;_animation&quot;:&quot;fadeInUp&quot;}\" data-widget_type=\"icon-box.default\">\n\t\t\t\t<div class=\"elementor-widget-container\">\n\t\t\t\t\t\t\t<div class=\"elementor-icon-box-wrapper\">\n\n\t\t\t\n\t\t\t\t\t\t<div class=\"elementor-icon-box-content\">\n\n\t\t\t\t\t\t\t\t\t<h3 class=\"elementor-icon-box-title\">\n\t\t\t\t\t\t<span  >\n\t\t\t\t\t\t\tInformazione dipendente dallo Stato\t\t\t\t\t\t<\/span>\n\t\t\t\t\t<\/h3>\n\t\t\t\t\n\t\t\t\t\t\t\t\t\t<p class=\"elementor-icon-box-description\">\n\t\t\t\t\t\tChi riceve fondi dallo Stato non potr\u00e0 garantire un\u2019informazione indipendente.\t\t\t\t\t<\/p>\n\t\t\t\t\n\t\t\t<\/div>\n\t\t\t\n\t\t<\/div>\n\t\t\t\t\t\t<\/div>\n\t\t\t\t<\/div>\n\t\t\t\t<div class=\"elementor-element elementor-element-a04c090 ha-has-bg-overlay elementor-invisible elementor-widget elementor-widget-icon-box\" data-id=\"a04c090\" data-element_type=\"widget\" data-settings=\"{&quot;_animation&quot;:&quot;fadeInUp&quot;,&quot;_animation_delay&quot;:150}\" data-widget_type=\"icon-box.default\">\n\t\t\t\t<div class=\"elementor-widget-container\">\n\t\t\t\t\t\t\t<div class=\"elementor-icon-box-wrapper\">\n\n\t\t\t\n\t\t\t\t\t\t<div class=\"elementor-icon-box-content\">\n\n\t\t\t\t\t\t\t\t\t<h3 class=\"elementor-icon-box-title\">\n\t\t\t\t\t\t<span  >\n\t\t\t\t\t\t\tLa volont\u00e0 popolare viene ignorata\t\t\t\t\t\t<\/span>\n\t\t\t\t\t<\/h3>\n\t\t\t\t\n\t\t\t\t\t\t\t\t\t<p class=\"elementor-icon-box-description\">\n\t\t\t\t\t\tNonostante il chiaro rifiuto del popolo nel 2022, il Parlamento continua a spingere per nuove sovvenzioni.\t\t\t\t\t<\/p>\n\t\t\t\t\n\t\t\t<\/div>\n\t\t\t\n\t\t<\/div>\n\t\t\t\t\t\t<\/div>\n\t\t\t\t<\/div>\n\t\t\t\t<div class=\"elementor-element elementor-element-1083282 ha-has-bg-overlay elementor-invisible elementor-widget elementor-widget-icon-box\" data-id=\"1083282\" data-element_type=\"widget\" data-settings=\"{&quot;_animation&quot;:&quot;fadeInUp&quot;,&quot;_animation_delay&quot;:300}\" data-widget_type=\"icon-box.default\">\n\t\t\t\t<div class=\"elementor-widget-container\">\n\t\t\t\t\t\t\t<div class=\"elementor-icon-box-wrapper\">\n\n\t\t\t\n\t\t\t\t\t\t<div class=\"elementor-icon-box-content\">\n\n\t\t\t\t\t\t\t\t\t<h3 class=\"elementor-icon-box-title\">\n\t\t\t\t\t\t<span  >\n\t\t\t\t\t\t\tMiliardi invece di risparmio\t\t\t\t\t\t<\/span>\n\t\t\t\t\t<\/h3>\n\t\t\t\t\n\t\t\t\t\t\t\t\t\t<p class=\"elementor-icon-box-description\">\n\t\t\t\t\t\tOltre 1,4 miliardi di franchi dovrebbero essere destinati agli editori privati \u2013 a spese dei contribuenti.\t\t\t\t\t<\/p>\n\t\t\t\t\n\t\t\t<\/div>\n\t\t\t\n\t\t<\/div>\n\t\t\t\t\t\t<\/div>\n\t\t\t\t<\/div>\n\t\t\t\t<div class=\"elementor-element elementor-element-7511ac1 ha-has-bg-overlay elementor-invisible elementor-widget elementor-widget-icon-box\" data-id=\"7511ac1\" data-element_type=\"widget\" data-settings=\"{&quot;_animation&quot;:&quot;fadeInUp&quot;,&quot;_animation_delay&quot;:450}\" data-widget_type=\"icon-box.default\">\n\t\t\t\t<div class=\"elementor-widget-container\">\n\t\t\t\t\t\t\t<div class=\"elementor-icon-box-wrapper\">\n\n\t\t\t\n\t\t\t\t\t\t<div class=\"elementor-icon-box-content\">\n\n\t\t\t\t\t\t\t\t\t<h3 class=\"elementor-icon-box-title\">\n\t\t\t\t\t\t<span  >\n\t\t\t\t\t\t\tDistorsione del mercato dei media\t\t\t\t\t\t<\/span>\n\t\t\t\t\t<\/h3>\n\t\t\t\t\n\t\t\t\t\t\t\t\t\t<p class=\"elementor-icon-box-description\">\n\t\t\t\t\t\tI giornali sovvenzionati stanno mettendo in difficolt\u00e0 i piccoli editori e quelli indipendenti.\t\t\t\t\t<\/p>\n\t\t\t\t\n\t\t\t<\/div>\n\t\t\t\n\t\t<\/div>\n\t\t\t\t\t\t<\/div>\n\t\t\t\t<\/div>\n\t\t\t\t<div class=\"elementor-element elementor-element-c6e2259 ha-has-bg-overlay elementor-invisible elementor-widget elementor-widget-icon-box\" data-id=\"c6e2259\" data-element_type=\"widget\" data-settings=\"{&quot;_animation&quot;:&quot;fadeInUp&quot;,&quot;_animation_delay&quot;:600}\" data-widget_type=\"icon-box.default\">\n\t\t\t\t<div class=\"elementor-widget-container\">\n\t\t\t\t\t\t\t<div class=\"elementor-icon-box-wrapper\">\n\n\t\t\t\n\t\t\t\t\t\t<div class=\"elementor-icon-box-content\">\n\n\t\t\t\t\t\t\t\t\t<h3 class=\"elementor-icon-box-title\">\n\t\t\t\t\t\t<span  >\n\t\t\t\t\t\t\tCementificazione dei monopoli mediatici\t\t\t\t\t\t<\/span>\n\t\t\t\t\t<\/h3>\n\t\t\t\t\n\t\t\t\t\t\t\t\t\t<p class=\"elementor-icon-box-description\">\n\t\t\t\t\t\tI grandi gruppi editoriali sono i principali beneficiari \u2013 la diversit\u00e0 e la concorrenza vengono trascurate.\t\t\t\t\t<\/p>\n\t\t\t\t\n\t\t\t<\/div>\n\t\t\t\n\t\t<\/div>\n\t\t\t\t\t\t<\/div>\n\t\t\t\t<\/div>\n\t\t\t\t<div class=\"elementor-element elementor-element-288efad ha-has-bg-overlay elementor-invisible elementor-widget elementor-widget-icon-box\" data-id=\"288efad\" data-element_type=\"widget\" data-settings=\"{&quot;_animation&quot;:&quot;fadeInUp&quot;,&quot;_animation_delay&quot;:750}\" data-widget_type=\"icon-box.default\">\n\t\t\t\t<div class=\"elementor-widget-container\">\n\t\t\t\t\t\t\t<div class=\"elementor-icon-box-wrapper\">\n\n\t\t\t\n\t\t\t\t\t\t<div class=\"elementor-icon-box-content\">\n\n\t\t\t\t\t\t\t\t\t<h3 class=\"elementor-icon-box-title\">\n\t\t\t\t\t\t<span  >\n\t\t\t\t\t\t\tDiscriminazione contro i media gratuiti\t\t\t\t\t\t<\/span>\n\t\t\t\t\t<\/h3>\n\t\t\t\t\n\t\t\t\t\t\t\t\t\t<p class=\"elementor-icon-box-description\">\n\t\t\t\t\t\tI giornali gratuiti e le piattaforme digitali sono svantaggiati.\t\t\t\t\t<\/p>\n\t\t\t\t\n\t\t\t<\/div>\n\t\t\t\n\t\t<\/div>\n\t\t\t\t\t\t<\/div>\n\t\t\t\t<\/div>\n\t\t\t\t\t<\/div>\n\t\t\t\t<\/div>\n\t\t<div class=\"elementor-element elementor-element-0f9be99 e-flex e-con-boxed e-con e-parent\" data-id=\"0f9be99\" data-element_type=\"container\" data-settings=\"{&quot;_ha_eqh_enable&quot;:false}\">\n\t\t\t\t\t<div class=\"e-con-inner\">\n\t\t\t\t<div class=\"elementor-element elementor-element-e879ac7 elementor-widget elementor-widget-spacer\" data-id=\"e879ac7\" data-element_type=\"widget\" data-widget_type=\"spacer.default\">\n\t\t\t\t<div class=\"elementor-widget-container\">\n\t\t\t\t\t\t\t<div class=\"elementor-spacer\">\n\t\t\t<div class=\"elementor-spacer-inner\"><\/div>\n\t\t<\/div>\n\t\t\t\t\t\t<\/div>\n\t\t\t\t<\/div>\n\t\t\t\t<div class=\"elementor-element elementor-element-229977e elementor-widget elementor-widget-text-editor\" data-id=\"229977e\" data-element_type=\"widget\" data-widget_type=\"text-editor.default\">\n\t\t\t\t<div class=\"elementor-widget-container\">\n\t\t\t\t\t\t\t\t\t<p>Fermiamo insieme lo spreco di soldi pubblici e il crescente legame tra lo Stato e i media! Per la <strong data-start=\"2118\" data-end=\"2145\">libert\u00e0 di espressione<\/strong>, <strong data-start=\"2147\" data-end=\"2161\">la democrazia<\/strong> e un <strong data-start=\"2171\" data-end=\"2203\">paesaggio mediatico indipendente.<\/strong>.<\/p>\t\t\t\t\t\t\t\t<\/div>\n\t\t\t\t<\/div>\n\t\t\t\t\t<\/div>\n\t\t\t\t<\/div>\n\t\t<div class=\"elementor-element elementor-element-38ec8af e-flex e-con-boxed e-con e-parent\" data-id=\"38ec8af\" data-element_type=\"container\" data-settings=\"{&quot;_ha_eqh_enable&quot;:false}\">\n\t\t\t\t\t<div class=\"e-con-inner\">\n\t\t\t\t<div class=\"elementor-element elementor-element-f6f4451 elementor-widget elementor-widget-spacer\" data-id=\"f6f4451\" data-element_type=\"widget\" data-widget_type=\"spacer.default\">\n\t\t\t\t<div class=\"elementor-widget-container\">\n\t\t\t\t\t\t\t<div class=\"elementor-spacer\">\n\t\t\t<div class=\"elementor-spacer-inner\"><\/div>\n\t\t<\/div>\n\t\t\t\t\t\t<\/div>\n\t\t\t\t<\/div>\n\t\t\t\t<div class=\"elementor-element elementor-element-57679ed elementor-widget elementor-widget-heading\" data-id=\"57679ed\" data-element_type=\"widget\" id=\"unterstuetzen\" data-widget_type=\"heading.default\">\n\t\t\t\t<div class=\"elementor-widget-container\">\n\t\t\t\t\t<h3 class=\"elementor-heading-title elementor-size-default\">\ud83e\udd1d Sostenere<\/h3>\t\t\t\t<\/div>\n\t\t\t\t<\/div>\n\t\t\t\t<div class=\"elementor-element elementor-element-79382c9 elementor-widget elementor-widget-text-editor\" data-id=\"79382c9\" data-element_type=\"widget\" data-widget_type=\"text-editor.default\">\n\t\t\t\t<div class=\"elementor-widget-container\">\n\t\t\t\t\t\t\t\t\t<p>Insieme possiamo mandare un segnale forte contro i media di Stato e a favore di un panorama mediatico indipendente \u2013 sostieni il nostro referendum con una donazione o diventando membro!<\/p>\t\t\t\t\t\t\t\t<\/div>\n\t\t\t\t<\/div>\n\t\t\t\t\t<\/div>\n\t\t\t\t<\/div>\n\t\t<div class=\"elementor-element elementor-element-c00470a e-flex e-con-boxed e-con e-parent\" data-id=\"c00470a\" data-element_type=\"container\" data-settings=\"{&quot;_ha_eqh_enable&quot;:false}\">\n\t\t\t\t\t<div class=\"e-con-inner\">\n\t\t<div class=\"elementor-element elementor-element-cfade00 e-con-full e-flex e-con e-child\" data-id=\"cfade00\" data-element_type=\"container\" data-settings=\"{&quot;background_background&quot;:&quot;classic&quot;,&quot;_ha_eqh_enable&quot;:false}\">\n\t\t\t\t<div class=\"elementor-element elementor-element-c366831 e-transform elementor-widget__width-initial elementor-invisible elementor-widget elementor-widget-button\" data-id=\"c366831\" data-element_type=\"widget\" data-settings=\"{&quot;_animation&quot;:&quot;slideInUp&quot;,&quot;_transform_scale_effect_hover&quot;:{&quot;unit&quot;:&quot;px&quot;,&quot;size&quot;:1.02,&quot;sizes&quot;:[]},&quot;_transform_scale_effect_hover_tablet&quot;:{&quot;unit&quot;:&quot;px&quot;,&quot;size&quot;:&quot;&quot;,&quot;sizes&quot;:[]},&quot;_transform_scale_effect_hover_mobile&quot;:{&quot;unit&quot;:&quot;px&quot;,&quot;size&quot;:&quot;&quot;,&quot;sizes&quot;:[]}}\" data-widget_type=\"button.default\">\n\t\t\t\t<div class=\"elementor-widget-container\">\n\t\t\t\t\t\t\t\t\t<div class=\"elementor-button-wrapper\">\n\t\t\t\t\t<a class=\"elementor-button elementor-button-link elementor-size-sm\" href=\"https:\/\/verfassungsfreunde.ch\/de\/mitmachen\/#spenden\">\n\t\t\t\t\t\t<span class=\"elementor-button-content-wrapper\">\n\t\t\t\t\t\t<span class=\"elementor-button-icon\">\n\t\t\t\t<svg aria-hidden=\"true\" class=\"e-font-icon-svg e-fas-donate\" viewbox=\"0 0 512 512\" xmlns=\"http:\/\/www.w3.org\/2000\/svg\"><path d=\"M256 416c114.9 0 208-93.1 208-208S370.9 0 256 0 48 93.1 48 208s93.1 208 208 208zM233.8 97.4V80.6c0-9.2 7.4-16.6 16.6-16.6h11.1c9.2 0 16.6 7.4 16.6 16.6v17c15.5.8 30.5 6.1 43 15.4 5.6 4.1 6.2 12.3 1.2 17.1L306 145.6c-3.8 3.7-9.5 3.8-14 1-5.4-3.4-11.4-5.1-17.8-5.1h-38.9c-9 0-16.3 8.2-16.3 18.3 0 8.2 5 15.5 12.1 17.6l62.3 18.7c25.7 7.7 43.7 32.4 43.7 60.1 0 34-26.4 61.5-59.1 62.4v16.8c0 9.2-7.4 16.6-16.6 16.6h-11.1c-9.2 0-16.6-7.4-16.6-16.6v-17c-15.5-.8-30.5-6.1-43-15.4-5.6-4.1-6.2-12.3-1.2-17.1l16.3-15.5c3.8-3.7 9.5-3.8 14-1 5.4 3.4 11.4 5.1 17.8 5.1h38.9c9 0 16.3-8.2 16.3-18.3 0-8.2-5-15.5-12.1-17.6l-62.3-18.7c-25.7-7.7-43.7-32.4-43.7-60.1.1-34 26.4-61.5 59.1-62.4zM480 352h-32.5c-19.6 26-44.6 47.7-73 64h63.8c5.3 0 9.6 3.6 9.6 8v16c0 4.4-4.3 8-9.6 8H73.6c-5.3 0-9.6-3.6-9.6-8v-16c0-4.4 4.3-8 9.6-8h63.8c-28.4-16.3-53.3-38-73-64H32c-17.7 0-32 14.3-32 32v96c0 17.7 14.3 32 32 32h448c17.7 0 32-14.3 32-32v-96c0-17.7-14.3-32-32-32z\"><\/path><\/svg>\t\t\t<\/span>\n\t\t\t\t\t\t\t\t\t<span class=\"elementor-button-text\">Dona<\/span>\n\t\t\t\t\t<\/span>\n\t\t\t\t\t<\/a>\n\t\t\t\t<\/div>\n\t\t\t\t\t\t\t\t<\/div>\n\t\t\t\t<\/div>\n\t\t\t\t<\/div>\n\t\t<div class=\"elementor-element elementor-element-b1e4ba0 e-con-full e-flex e-con e-child\" data-id=\"b1e4ba0\" data-element_type=\"container\" data-settings=\"{&quot;background_background&quot;:&quot;classic&quot;,&quot;_ha_eqh_enable&quot;:false}\">\n\t\t\t\t<div class=\"elementor-element elementor-element-e7a3d38 e-transform elementor-invisible elementor-widget elementor-widget-button\" data-id=\"e7a3d38\" data-element_type=\"widget\" data-settings=\"{&quot;_animation&quot;:&quot;slideInUp&quot;,&quot;_transform_scale_effect_hover&quot;:{&quot;unit&quot;:&quot;px&quot;,&quot;size&quot;:1.02,&quot;sizes&quot;:[]},&quot;_transform_scale_effect_hover_tablet&quot;:{&quot;unit&quot;:&quot;px&quot;,&quot;size&quot;:&quot;&quot;,&quot;sizes&quot;:[]},&quot;_transform_scale_effect_hover_mobile&quot;:{&quot;unit&quot;:&quot;px&quot;,&quot;size&quot;:&quot;&quot;,&quot;sizes&quot;:[]}}\" data-widget_type=\"button.default\">\n\t\t\t\t<div class=\"elementor-widget-container\">\n\t\t\t\t\t\t\t\t\t<div class=\"elementor-button-wrapper\">\n\t\t\t\t\t<a class=\"elementor-button elementor-button-link elementor-size-sm\" href=\"https:\/\/verfassungsfreunde.ch\/de\/mitmachen\/#mitglied-werden\">\n\t\t\t\t\t\t<span class=\"elementor-button-content-wrapper\">\n\t\t\t\t\t\t<span class=\"elementor-button-icon\">\n\t\t\t\t<svg aria-hidden=\"true\" class=\"e-font-icon-svg e-fas-hands-helping\" viewbox=\"0 0 640 512\" xmlns=\"http:\/\/www.w3.org\/2000\/svg\"><path d=\"M488 192H336v56c0 39.7-32.3 72-72 72s-72-32.3-72-72V126.4l-64.9 39C107.8 176.9 96 197.8 96 220.2v47.3l-80 46.2C.7 322.5-4.6 342.1 4.3 357.4l80 138.6c8.8 15.3 28.4 20.5 43.7 11.7L231.4 448H368c35.3 0 64-28.7 64-64h16c17.7 0 32-14.3 32-32v-64h8c13.3 0 24-10.7 24-24v-48c0-13.3-10.7-24-24-24zm147.7-37.4L555.7 16C546.9.7 527.3-4.5 512 4.3L408.6 64H306.4c-12 0-23.7 3.4-33.9 9.7L239 94.6c-9.4 5.8-15 16.1-15 27.1V248c0 22.1 17.9 40 40 40s40-17.9 40-40v-88h184c30.9 0 56 25.1 56 56v28.5l80-46.2c15.3-8.9 20.5-28.4 11.7-43.7z\"><\/path><\/svg>\t\t\t<\/span>\n\t\t\t\t\t\t\t\t\t<span class=\"elementor-button-text\">Diventa membro degli Amici della Costituzione<\/span>\n\t\t\t\t\t<\/span>\n\t\t\t\t\t<\/a>\n\t\t\t\t<\/div>\n\t\t\t\t\t\t\t\t<\/div>\n\t\t\t\t<\/div>\n\t\t\t\t<\/div>\n\t\t\t\t\t<\/div>\n\t\t\t\t<\/div>\n\t\t<div class=\"elementor-element elementor-element-6002576 e-flex e-con-boxed e-con e-parent\" data-id=\"6002576\" data-element_type=\"container\" data-settings=\"{&quot;_ha_eqh_enable&quot;:false}\">\n\t\t\t\t\t<div class=\"e-con-inner\">\n\t\t\t\t<div class=\"elementor-element elementor-element-f5f712b elementor-widget elementor-widget-spacer\" data-id=\"f5f712b\" data-element_type=\"widget\" data-widget_type=\"spacer.default\">\n\t\t\t\t<div class=\"elementor-widget-container\">\n\t\t\t\t\t\t\t<div class=\"elementor-spacer\">\n\t\t\t<div class=\"elementor-spacer-inner\"><\/div>\n\t\t<\/div>\n\t\t\t\t\t\t<\/div>\n\t\t\t\t<\/div>\n\t\t\t\t\t<\/div>\n\t\t\t\t<\/div>\n\t\t\t\t<\/div>","protected":false},"excerpt":{"rendered":"<p>Keine Steuermillionen f\u00fcr Medienkonzerne NO ai milioni delle imposte per i grandi gruppi mediatici NON aux millions d\u2019imp\u00f4ts pour les barons des m\u00e9dias Das Referendum gegen die \u00c4nderung des Postgesetzes ist leider gescheitert Trotz grossem Engagement und viel Einsatz aus der Bev\u00f6lkerung konnte das Referendum gegen die vom Parlament beschlossene Erweiterung der indirekten Medienf\u00f6rderung nicht [&hellip;]<\/p>","protected":false},"author":2,"featured_media":0,"parent":0,"menu_order":0,"comment_status":"closed","ping_status":"closed","template":"","meta":{"footnotes":""},"class_list":["post-13","page","type-page","status-publish","hentry"],"blocksy_meta":[],"yoast_head":"<!-- This site is optimized with the Yoast SEO plugin v25.5 - https:\/\/yoast.com\/wordpress\/plugins\/seo\/ -->\n<title>Referendum - STAATSMEDIEN? NEIN DANKE<\/title>\n<meta name=\"robots\" content=\"index, follow, max-snippet:-1, max-image-preview:large, max-video-preview:-1\" \/>\n<link rel=\"canonical\" href=\"https:\/\/staatsmedien-nein-danke.ch\/it\/\" \/>\n<meta property=\"og:locale\" content=\"it_IT\" \/>\n<meta property=\"og:type\" content=\"article\" \/>\n<meta property=\"og:title\" content=\"Referendum - STAATSMEDIEN? NEIN DANKE\" \/>\n<meta property=\"og:description\" content=\"Keine Steuermillionen f\u00fcr Medienkonzerne NO ai milioni delle imposte per i grandi gruppi mediatici NON aux millions d\u2019imp\u00f4ts pour les barons des m\u00e9dias Das Referendum gegen die \u00c4nderung des Postgesetzes ist leider gescheitert Trotz grossem Engagement und viel Einsatz aus der Bev\u00f6lkerung konnte das Referendum gegen die vom Parlament beschlossene Erweiterung der indirekten Medienf\u00f6rderung nicht [&hellip;]\" \/>\n<meta property=\"og:url\" content=\"https:\/\/staatsmedien-nein-danke.ch\/it\/\" \/>\n<meta property=\"og:site_name\" content=\"STAATSMEDIEN? NEIN DANKE\" \/>\n<meta property=\"article:publisher\" content=\"https:\/\/www.facebook.com\/verfassungsfreunde.ch\" \/>\n<meta property=\"article:modified_time\" content=\"2025-07-16T11:23:38+00:00\" \/>\n<meta name=\"twitter:card\" content=\"summary_large_image\" \/>\n<meta name=\"twitter:site\" content=\"@FdVerfassung\" \/>\n<meta name=\"twitter:label1\" content=\"Tempo di lettura stimato\" \/>\n\t<meta name=\"twitter:data1\" content=\"2 minuti\" \/>\n<script type=\"application\/ld+json\" class=\"yoast-schema-graph\">{\"@context\":\"https:\/\/schema.org\",\"@graph\":[{\"@type\":\"WebPage\",\"@id\":\"https:\/\/staatsmedien-nein-danke.ch\/\",\"url\":\"https:\/\/staatsmedien-nein-danke.ch\/\",\"name\":\"Referendum - STAATSMEDIEN? NEIN DANKE\",\"isPartOf\":{\"@id\":\"https:\/\/staatsmedien-nein-danke.ch\/fr\/#website\"},\"datePublished\":\"2025-05-06T11:46:00+00:00\",\"dateModified\":\"2025-07-16T11:23:38+00:00\",\"breadcrumb\":{\"@id\":\"https:\/\/staatsmedien-nein-danke.ch\/#breadcrumb\"},\"inLanguage\":\"it-IT\",\"potentialAction\":[{\"@type\":\"ReadAction\",\"target\":[\"https:\/\/staatsmedien-nein-danke.ch\/\"]}]},{\"@type\":\"BreadcrumbList\",\"@id\":\"https:\/\/staatsmedien-nein-danke.ch\/#breadcrumb\",\"itemListElement\":[{\"@type\":\"ListItem\",\"position\":1,\"name\":\"Startseite\",\"item\":\"https:\/\/staatsmedien-nein-danke.ch\/\"},{\"@type\":\"ListItem\",\"position\":2,\"name\":\"Referendum\"}]},{\"@type\":\"WebSite\",\"@id\":\"https:\/\/staatsmedien-nein-danke.ch\/fr\/#website\",\"url\":\"https:\/\/staatsmedien-nein-danke.ch\/fr\/\",\"name\":\"STAATSMEDIEN? NEIN DANKE\",\"description\":\"\",\"publisher\":{\"@id\":\"https:\/\/staatsmedien-nein-danke.ch\/fr\/#organization\"},\"potentialAction\":[{\"@type\":\"SearchAction\",\"target\":{\"@type\":\"EntryPoint\",\"urlTemplate\":\"https:\/\/staatsmedien-nein-danke.ch\/fr\/?s={search_term_string}\"},\"query-input\":{\"@type\":\"PropertyValueSpecification\",\"valueRequired\":true,\"valueName\":\"search_term_string\"}}],\"inLanguage\":\"it-IT\"},{\"@type\":\"Organization\",\"@id\":\"https:\/\/staatsmedien-nein-danke.ch\/fr\/#organization\",\"name\":\"STAATSMEDIEN? NEIN DANKE\",\"url\":\"https:\/\/staatsmedien-nein-danke.ch\/fr\/\",\"logo\":{\"@type\":\"ImageObject\",\"inLanguage\":\"it-IT\",\"@id\":\"https:\/\/staatsmedien-nein-danke.ch\/fr\/#\/schema\/logo\/image\/\",\"url\":\"https:\/\/staatsmedien-nein-danke.ch\/wp-content\/uploads\/2025\/05\/phplist_Mediengesetz_de.png\",\"contentUrl\":\"https:\/\/staatsmedien-nein-danke.ch\/wp-content\/uploads\/2025\/05\/phplist_Mediengesetz_de.png\",\"width\":450,\"height\":483,\"caption\":\"STAATSMEDIEN? NEIN DANKE\"},\"image\":{\"@id\":\"https:\/\/staatsmedien-nein-danke.ch\/fr\/#\/schema\/logo\/image\/\"},\"sameAs\":[\"https:\/\/www.facebook.com\/verfassungsfreunde.ch\",\"https:\/\/x.com\/FdVerfassung\"]}]}<\/script>\n<!-- \/ Yoast SEO plugin. -->","yoast_head_json":{"title":"Referendum - STAATSMEDIEN? NEIN DANKE","robots":{"index":"index","follow":"follow","max-snippet":"max-snippet:-1","max-image-preview":"max-image-preview:large","max-video-preview":"max-video-preview:-1"},"canonical":"https:\/\/staatsmedien-nein-danke.ch\/it\/","og_locale":"it_IT","og_type":"article","og_title":"Referendum - STAATSMEDIEN? NEIN DANKE","og_description":"Keine Steuermillionen f\u00fcr Medienkonzerne NO ai milioni delle imposte per i grandi gruppi mediatici NON aux millions d\u2019imp\u00f4ts pour les barons des m\u00e9dias Das Referendum gegen die \u00c4nderung des Postgesetzes ist leider gescheitert Trotz grossem Engagement und viel Einsatz aus der Bev\u00f6lkerung konnte das Referendum gegen die vom Parlament beschlossene Erweiterung der indirekten Medienf\u00f6rderung nicht [&hellip;]","og_url":"https:\/\/staatsmedien-nein-danke.ch\/it\/","og_site_name":"STAATSMEDIEN? NEIN DANKE","article_publisher":"https:\/\/www.facebook.com\/verfassungsfreunde.ch","article_modified_time":"2025-07-16T11:23:38+00:00","twitter_card":"summary_large_image","twitter_site":"@FdVerfassung","twitter_misc":{"Tempo di lettura stimato":"2 minuti"},"schema":{"@context":"https:\/\/schema.org","@graph":[{"@type":"WebPage","@id":"https:\/\/staatsmedien-nein-danke.ch\/","url":"https:\/\/staatsmedien-nein-danke.ch\/","name":"Referendum - STAATSMEDIEN? NEIN DANKE","isPartOf":{"@id":"https:\/\/staatsmedien-nein-danke.ch\/fr\/#website"},"datePublished":"2025-05-06T11:46:00+00:00","dateModified":"2025-07-16T11:23:38+00:00","breadcrumb":{"@id":"https:\/\/staatsmedien-nein-danke.ch\/#breadcrumb"},"inLanguage":"it-IT","potentialAction":[{"@type":"ReadAction","target":["https:\/\/staatsmedien-nein-danke.ch\/"]}]},{"@type":"BreadcrumbList","@id":"https:\/\/staatsmedien-nein-danke.ch\/#breadcrumb","itemListElement":[{"@type":"ListItem","position":1,"name":"Startseite","item":"https:\/\/staatsmedien-nein-danke.ch\/"},{"@type":"ListItem","position":2,"name":"Referendum"}]},{"@type":"WebSite","@id":"https:\/\/staatsmedien-nein-danke.ch\/fr\/#website","url":"https:\/\/staatsmedien-nein-danke.ch\/fr\/","name":"MEDIA DI STATO? NO GRAZIE","description":"","publisher":{"@id":"https:\/\/staatsmedien-nein-danke.ch\/fr\/#organization"},"potentialAction":[{"@type":"SearchAction","target":{"@type":"EntryPoint","urlTemplate":"https:\/\/staatsmedien-nein-danke.ch\/fr\/?s={search_term_string}"},"query-input":{"@type":"PropertyValueSpecification","valueRequired":true,"valueName":"search_term_string"}}],"inLanguage":"it-IT"},{"@type":"Organization","@id":"https:\/\/staatsmedien-nein-danke.ch\/fr\/#organization","name":"MEDIA DI STATO? NO GRAZIE","url":"https:\/\/staatsmedien-nein-danke.ch\/fr\/","logo":{"@type":"ImageObject","inLanguage":"it-IT","@id":"https:\/\/staatsmedien-nein-danke.ch\/fr\/#\/schema\/logo\/image\/","url":"https:\/\/staatsmedien-nein-danke.ch\/wp-content\/uploads\/2025\/05\/phplist_Mediengesetz_de.png","contentUrl":"https:\/\/staatsmedien-nein-danke.ch\/wp-content\/uploads\/2025\/05\/phplist_Mediengesetz_de.png","width":450,"height":483,"caption":"STAATSMEDIEN? NEIN DANKE"},"image":{"@id":"https:\/\/staatsmedien-nein-danke.ch\/fr\/#\/schema\/logo\/image\/"},"sameAs":["https:\/\/www.facebook.com\/verfassungsfreunde.ch","https:\/\/x.com\/FdVerfassung"]}]}},"_links":{"self":[{"href":"https:\/\/staatsmedien-nein-danke.ch\/it\/wp-json\/wp\/v2\/pages\/13","targetHints":{"allow":["GET"]}}],"collection":[{"href":"https:\/\/staatsmedien-nein-danke.ch\/it\/wp-json\/wp\/v2\/pages"}],"about":[{"href":"https:\/\/staatsmedien-nein-danke.ch\/it\/wp-json\/wp\/v2\/types\/page"}],"author":[{"embeddable":true,"href":"https:\/\/staatsmedien-nein-danke.ch\/it\/wp-json\/wp\/v2\/users\/2"}],"replies":[{"embeddable":true,"href":"https:\/\/staatsmedien-nein-danke.ch\/it\/wp-json\/wp\/v2\/comments?post=13"}],"version-history":[{"count":0,"href":"https:\/\/staatsmedien-nein-danke.ch\/it\/wp-json\/wp\/v2\/pages\/13\/revisions"}],"wp:attachment":[{"href":"https:\/\/staatsmedien-nein-danke.ch\/it\/wp-json\/wp\/v2\/media?parent=13"}],"curies":[{"name":"wp","href":"https:\/\/api.w.org\/{rel}","templated":true}]}}