{"id":17,"date":"2025-05-06T13:47:12","date_gmt":"2025-05-06T11:47:12","guid":{"rendered":"https:\/\/staatsmedien-nein-danke.ch\/?page_id=17"},"modified":"2025-05-15T15:42:26","modified_gmt":"2025-05-15T13:42:26","slug":"komitee","status":"publish","type":"page","link":"https:\/\/staatsmedien-nein-danke.ch\/fr\/komitee\/","title":{"rendered":"Comit\u00e9"},"content":{"rendered":"<div data-elementor-type=\"wp-page\" data-elementor-id=\"17\" class=\"elementor elementor-17\" data-elementor-settings=\"{&quot;ha_cmc_init_switcher&quot;:&quot;no&quot;}\" data-elementor-post-type=\"page\">\n\t\t\t\t<div class=\"elementor-element elementor-element-6c588e4 e-flex e-con-boxed e-con e-parent\" data-id=\"6c588e4\" data-element_type=\"container\" data-settings=\"{&quot;_ha_eqh_enable&quot;:false}\">\n\t\t\t\t\t<div class=\"e-con-inner\">\n\t\t\t\t<div class=\"elementor-element elementor-element-a3ffc0e elementor-widget elementor-widget-heading\" data-id=\"a3ffc0e\" data-element_type=\"widget\" data-widget_type=\"heading.default\">\n\t\t\t\t<div class=\"elementor-widget-container\">\n\t\t\t\t\t<h2 class=\"elementor-heading-title elementor-size-default\">\ud83d\udc65 Comit\u00e9<\/h2>\t\t\t\t<\/div>\n\t\t\t\t<\/div>\n\t\t\t\t<div class=\"elementor-element elementor-element-f2af94a elementor-widget elementor-widget-spacer\" data-id=\"f2af94a\" data-element_type=\"widget\" data-widget_type=\"spacer.default\">\n\t\t\t\t<div class=\"elementor-widget-container\">\n\t\t\t\t\t\t\t<div class=\"elementor-spacer\">\n\t\t\t<div class=\"elementor-spacer-inner\"><\/div>\n\t\t<\/div>\n\t\t\t\t\t\t<\/div>\n\t\t\t\t<\/div>\n\t\t\t\t\t<\/div>\n\t\t\t\t<\/div>\n\t\t<div class=\"elementor-element elementor-element-925466a e-flex e-con-boxed e-con e-parent\" data-id=\"925466a\" data-element_type=\"container\" data-settings=\"{&quot;_ha_eqh_enable&quot;:false}\">\n\t\t\t\t\t<div class=\"e-con-inner\">\n\t\t<div class=\"elementor-element elementor-element-5bea3b2 e-con-full e-flex e-con e-child\" data-id=\"5bea3b2\" data-element_type=\"container\" data-settings=\"{&quot;_ha_eqh_enable&quot;:false}\">\n\t\t\t\t<div class=\"elementor-element elementor-element-a92f4d9 elementor-widget elementor-widget-image\" data-id=\"a92f4d9\" data-element_type=\"widget\" data-widget_type=\"image.default\">\n\t\t\t\t<div class=\"elementor-widget-container\">\n\t\t\t\t\t\t\t\t\t\t\t\t\t\t\t<img fetchpriority=\"high\" decoding=\"async\" width=\"500\" height=\"500\" src=\"https:\/\/staatsmedien-nein-danke.ch\/wp-content\/uploads\/2025\/05\/Roland_Buehlmann.jpg\" class=\"attachment-large size-large wp-image-389\" alt=\"\" srcset=\"https:\/\/staatsmedien-nein-danke.ch\/wp-content\/uploads\/2025\/05\/Roland_Buehlmann.jpg 500w, https:\/\/staatsmedien-nein-danke.ch\/wp-content\/uploads\/2025\/05\/Roland_Buehlmann-300x300.jpg 300w, https:\/\/staatsmedien-nein-danke.ch\/wp-content\/uploads\/2025\/05\/Roland_Buehlmann-150x150.jpg 150w, https:\/\/staatsmedien-nein-danke.ch\/wp-content\/uploads\/2025\/05\/Roland_Buehlmann-12x12.jpg 12w\" sizes=\"(max-width: 500px) 100vw, 500px\" \/>\t\t\t\t\t\t\t\t\t\t\t\t\t\t\t<\/div>\n\t\t\t\t<\/div>\n\t\t\t\t<div class=\"elementor-element elementor-element-a98a7cc elementor-widget elementor-widget-text-editor\" data-id=\"a98a7cc\" data-element_type=\"widget\" data-widget_type=\"text-editor.default\">\n\t\t\t\t<div class=\"elementor-widget-container\">\n\t\t\t\t\t\t\t\t\t<h5>Dr. Roland B\u00fchlmann<\/h5><p>Pr\u00e9sident<br \/>Amis de la Constitution<\/p>\t\t\t\t\t\t\t\t<\/div>\n\t\t\t\t<\/div>\n\t\t\t\t<\/div>\n\t\t<div class=\"elementor-element elementor-element-21eb116 e-con-full e-flex e-con e-child\" data-id=\"21eb116\" data-element_type=\"container\" data-settings=\"{&quot;_ha_eqh_enable&quot;:false}\">\n\t\t\t\t<div class=\"elementor-element elementor-element-2932cde elementor-widget elementor-widget-image\" data-id=\"2932cde\" data-element_type=\"widget\" data-widget_type=\"image.default\">\n\t\t\t\t<div class=\"elementor-widget-container\">\n\t\t\t\t\t\t\t\t\t\t\t\t\t\t\t<img decoding=\"async\" width=\"472\" height=\"472\" src=\"https:\/\/staatsmedien-nein-danke.ch\/wp-content\/uploads\/2025\/05\/Remko.webp\" class=\"attachment-large size-large wp-image-390\" alt=\"\" srcset=\"https:\/\/staatsmedien-nein-danke.ch\/wp-content\/uploads\/2025\/05\/Remko.webp 472w, https:\/\/staatsmedien-nein-danke.ch\/wp-content\/uploads\/2025\/05\/Remko-300x300.webp 300w, https:\/\/staatsmedien-nein-danke.ch\/wp-content\/uploads\/2025\/05\/Remko-150x150.webp 150w, https:\/\/staatsmedien-nein-danke.ch\/wp-content\/uploads\/2025\/05\/Remko-12x12.webp 12w\" sizes=\"(max-width: 472px) 100vw, 472px\" \/>\t\t\t\t\t\t\t\t\t\t\t\t\t\t\t<\/div>\n\t\t\t\t<\/div>\n\t\t\t\t<div class=\"elementor-element elementor-element-ab5107b elementor-widget elementor-widget-text-editor\" data-id=\"ab5107b\" data-element_type=\"widget\" data-widget_type=\"text-editor.default\">\n\t\t\t\t<div class=\"elementor-widget-container\">\n\t\t\t\t\t\t\t\t\t<h4 class=\"image-title\">Remko Leimbach<\/h4><p>Pr\u00e9sident<br \/>Aufrecht Schweiz<\/p>\t\t\t\t\t\t\t\t<\/div>\n\t\t\t\t<\/div>\n\t\t\t\t<\/div>\n\t\t<div class=\"elementor-element elementor-element-6b04233 e-con-full e-flex e-con e-child\" data-id=\"6b04233\" data-element_type=\"container\" data-settings=\"{&quot;_ha_eqh_enable&quot;:false}\">\n\t\t\t\t<div class=\"elementor-element elementor-element-73c49c8 elementor-widget elementor-widget-image\" data-id=\"73c49c8\" data-element_type=\"widget\" data-widget_type=\"image.default\">\n\t\t\t\t<div class=\"elementor-widget-container\">\n\t\t\t\t\t\t\t\t\t\t\t\t\t\t\t<img decoding=\"async\" width=\"405\" height=\"405\" src=\"https:\/\/staatsmedien-nein-danke.ch\/wp-content\/uploads\/2025\/05\/tomas-boerlin_405_405.jpg\" class=\"attachment-large size-large wp-image-392\" alt=\"\" srcset=\"https:\/\/staatsmedien-nein-danke.ch\/wp-content\/uploads\/2025\/05\/tomas-boerlin_405_405.jpg 405w, https:\/\/staatsmedien-nein-danke.ch\/wp-content\/uploads\/2025\/05\/tomas-boerlin_405_405-300x300.jpg 300w, https:\/\/staatsmedien-nein-danke.ch\/wp-content\/uploads\/2025\/05\/tomas-boerlin_405_405-150x150.jpg 150w, https:\/\/staatsmedien-nein-danke.ch\/wp-content\/uploads\/2025\/05\/tomas-boerlin_405_405-12x12.jpg 12w\" sizes=\"(max-width: 405px) 100vw, 405px\" \/>\t\t\t\t\t\t\t\t\t\t\t\t\t\t\t<\/div>\n\t\t\t\t<\/div>\n\t\t\t\t<div class=\"elementor-element elementor-element-200d872 elementor-widget elementor-widget-text-editor\" data-id=\"200d872\" data-element_type=\"widget\" data-widget_type=\"text-editor.default\">\n\t\t\t\t<div class=\"elementor-widget-container\">\n\t\t\t\t\t\t\t\t\t<h4 class=\"image-title\">Thomas B\u00f6rlin<\/h4><p>Pr\u00e9sident<br \/>Verfassungsb\u00fcndnis Schweiz<\/p>\t\t\t\t\t\t\t\t<\/div>\n\t\t\t\t<\/div>\n\t\t\t\t<\/div>\n\t\t<div class=\"elementor-element elementor-element-ffac8e9 e-con-full e-flex e-con e-child\" data-id=\"ffac8e9\" data-element_type=\"container\" data-settings=\"{&quot;_ha_eqh_enable&quot;:false}\">\n\t\t\t\t<div class=\"elementor-element elementor-element-0ff2b16 elementor-widget elementor-widget-image\" data-id=\"0ff2b16\" data-element_type=\"widget\" data-widget_type=\"image.default\">\n\t\t\t\t<div class=\"elementor-widget-container\">\n\t\t\t\t\t\t\t\t\t\t\t\t\t\t\t<img loading=\"lazy\" decoding=\"async\" width=\"833\" height=\"920\" src=\"https:\/\/staatsmedien-nein-danke.ch\/wp-content\/uploads\/2025\/05\/17d703c9-9fb6-4094-b8c6-718d65b27973-e1746808272345.webp\" class=\"attachment-full size-full wp-image-402\" alt=\"\" srcset=\"https:\/\/staatsmedien-nein-danke.ch\/wp-content\/uploads\/2025\/05\/17d703c9-9fb6-4094-b8c6-718d65b27973-e1746808272345.webp 833w, https:\/\/staatsmedien-nein-danke.ch\/wp-content\/uploads\/2025\/05\/17d703c9-9fb6-4094-b8c6-718d65b27973-e1746808272345-272x300.webp 272w, https:\/\/staatsmedien-nein-danke.ch\/wp-content\/uploads\/2025\/05\/17d703c9-9fb6-4094-b8c6-718d65b27973-e1746808272345-768x848.webp 768w, https:\/\/staatsmedien-nein-danke.ch\/wp-content\/uploads\/2025\/05\/17d703c9-9fb6-4094-b8c6-718d65b27973-e1746808272345-11x12.webp 11w\" sizes=\"(max-width: 833px) 100vw, 833px\" \/>\t\t\t\t\t\t\t\t\t\t\t\t\t\t\t<\/div>\n\t\t\t\t<\/div>\n\t\t\t\t<div class=\"elementor-element elementor-element-e67b42f elementor-widget elementor-widget-text-editor\" data-id=\"e67b42f\" data-element_type=\"widget\" data-widget_type=\"text-editor.default\">\n\t\t\t\t<div class=\"elementor-widget-container\">\n\t\t\t\t\t\t\t\t\t<h4>Josef Ender<\/h4><p>Pr\u00e9sident<br \/>Aktionsb\u00fcndnis Urkantone<\/p>\t\t\t\t\t\t\t\t<\/div>\n\t\t\t\t<\/div>\n\t\t\t\t<\/div>\n\t\t\t\t\t<\/div>\n\t\t\t\t<\/div>\n\t\t<div class=\"elementor-element elementor-element-1d83864 e-flex e-con-boxed e-con e-parent\" data-id=\"1d83864\" data-element_type=\"container\" data-settings=\"{&quot;_ha_eqh_enable&quot;:false}\">\n\t\t\t\t\t<div class=\"e-con-inner\">\n\t\t<div class=\"elementor-element elementor-element-384d568 e-con-full e-flex e-con e-child\" data-id=\"384d568\" data-element_type=\"container\" data-settings=\"{&quot;_ha_eqh_enable&quot;:false}\">\n\t\t\t\t<div class=\"elementor-element elementor-element-a8fe839 elementor-widget elementor-widget-image\" data-id=\"a8fe839\" data-element_type=\"widget\" data-widget_type=\"image.default\">\n\t\t\t\t<div class=\"elementor-widget-container\">\n\t\t\t\t\t\t\t\t\t\t\t\t\t\t\t<img loading=\"lazy\" decoding=\"async\" width=\"500\" height=\"500\" src=\"https:\/\/staatsmedien-nein-danke.ch\/wp-content\/uploads\/2025\/05\/Jerome_Schwyzer.jpg\" class=\"attachment-large size-large wp-image-394\" alt=\"\" srcset=\"https:\/\/staatsmedien-nein-danke.ch\/wp-content\/uploads\/2025\/05\/Jerome_Schwyzer.jpg 500w, https:\/\/staatsmedien-nein-danke.ch\/wp-content\/uploads\/2025\/05\/Jerome_Schwyzer-300x300.jpg 300w, https:\/\/staatsmedien-nein-danke.ch\/wp-content\/uploads\/2025\/05\/Jerome_Schwyzer-150x150.jpg 150w, https:\/\/staatsmedien-nein-danke.ch\/wp-content\/uploads\/2025\/05\/Jerome_Schwyzer-12x12.jpg 12w\" sizes=\"(max-width: 500px) 100vw, 500px\" \/>\t\t\t\t\t\t\t\t\t\t\t\t\t\t\t<\/div>\n\t\t\t\t<\/div>\n\t\t\t\t<div class=\"elementor-element elementor-element-ee1d6aa elementor-widget elementor-widget-text-editor\" data-id=\"ee1d6aa\" data-element_type=\"widget\" data-widget_type=\"text-editor.default\">\n\t\t\t\t<div class=\"elementor-widget-container\">\n\t\t\t\t\t\t\t\t\t<h4>J\u00e9r\u00f4me Schwyzer<\/h4><p>Pr\u00e9sident<br \/>Lehrernetzwerk Schweiz<\/p>\t\t\t\t\t\t\t\t<\/div>\n\t\t\t\t<\/div>\n\t\t\t\t<\/div>\n\t\t<div class=\"elementor-element elementor-element-da8a790 e-con-full e-flex e-con e-child\" data-id=\"da8a790\" data-element_type=\"container\" data-settings=\"{&quot;_ha_eqh_enable&quot;:false}\">\n\t\t\t\t<div class=\"elementor-element elementor-element-20b7217 elementor-widget elementor-widget-image\" data-id=\"20b7217\" data-element_type=\"widget\" data-widget_type=\"image.default\">\n\t\t\t\t<div class=\"elementor-widget-container\">\n\t\t\t\t\t\t\t\t\t\t\t\t\t\t\t<img loading=\"lazy\" decoding=\"async\" width=\"300\" height=\"300\" src=\"https:\/\/staatsmedien-nein-danke.ch\/wp-content\/uploads\/2025\/05\/MariaPiaAmbrosetti-300x300-1.jpg\" class=\"attachment-large size-large wp-image-612\" alt=\"\" srcset=\"https:\/\/staatsmedien-nein-danke.ch\/wp-content\/uploads\/2025\/05\/MariaPiaAmbrosetti-300x300-1.jpg 300w, https:\/\/staatsmedien-nein-danke.ch\/wp-content\/uploads\/2025\/05\/MariaPiaAmbrosetti-300x300-1-150x150.jpg 150w, https:\/\/staatsmedien-nein-danke.ch\/wp-content\/uploads\/2025\/05\/MariaPiaAmbrosetti-300x300-1-12x12.jpg 12w\" sizes=\"(max-width: 300px) 100vw, 300px\" \/>\t\t\t\t\t\t\t\t\t\t\t\t\t\t\t<\/div>\n\t\t\t\t<\/div>\n\t\t\t\t<div class=\"elementor-element elementor-element-27f5455 elementor-widget elementor-widget-text-editor\" data-id=\"27f5455\" data-element_type=\"widget\" data-widget_type=\"text-editor.default\">\n\t\t\t\t<div class=\"elementor-widget-container\">\n\t\t\t\t\t\t\t\t\t<h4>Maria Pia Ambrosetti<\/h4><p>Co-pr\u00e9sidente <br \/>HelvEthica Ticino<\/p>\t\t\t\t\t\t\t\t<\/div>\n\t\t\t\t<\/div>\n\t\t\t\t<\/div>\n\t\t<div class=\"elementor-element elementor-element-b6a6c18 e-con-full e-flex e-con e-child\" data-id=\"b6a6c18\" data-element_type=\"container\" data-settings=\"{&quot;_ha_eqh_enable&quot;:false}\">\n\t\t\t\t<div class=\"elementor-element elementor-element-62aa85a elementor-widget elementor-widget-image\" data-id=\"62aa85a\" data-element_type=\"widget\" data-widget_type=\"image.default\">\n\t\t\t\t<div class=\"elementor-widget-container\">\n\t\t\t\t\t\t\t\t\t\t\t\t\t\t\t<img decoding=\"async\" src=\"https:\/\/staatsmedien-nein-danke.ch\/wp-content\/plugins\/elementor\/assets\/images\/placeholder.png\" title=\"\" alt=\"\" loading=\"lazy\" \/>\t\t\t\t\t\t\t\t\t\t\t\t\t\t\t<\/div>\n\t\t\t\t<\/div>\n\t\t\t\t<div class=\"elementor-element elementor-element-4024fcb elementor-widget elementor-widget-text-editor\" data-id=\"4024fcb\" data-element_type=\"widget\" data-widget_type=\"text-editor.default\">\n\t\t\t\t<div class=\"elementor-widget-container\">\n\t\t\t\t\t\t\t\t\t<h4>Daniel Trappitsch<\/h4><p>Pr\u00e9sident <br \/>Netzwerk Impfentscheid<\/p>\t\t\t\t\t\t\t\t<\/div>\n\t\t\t\t<\/div>\n\t\t\t\t<\/div>\n\t\t<div class=\"elementor-element elementor-element-77ffc76 e-con-full e-flex e-con e-child\" data-id=\"77ffc76\" data-element_type=\"container\" data-settings=\"{&quot;_ha_eqh_enable&quot;:false}\">\n\t\t\t\t<\/div>\n\t\t\t\t\t<\/div>\n\t\t\t\t<\/div>\n\t\t\t\t<\/div>","protected":false},"excerpt":{"rendered":"<p>\ud83d\udc65 Komitee Dr. Roland B\u00fchlmann Pr\u00e4sidentFreunde der Verfassung Remko Leimbach Pr\u00e4sidentAufrecht Schweiz Thomas B\u00f6rlin Pr\u00e4sidentVerfassungsb\u00fcndnis Schweiz Josef Ender Pr\u00e4sidentAktionsb\u00fcndnis Urkantone J\u00e9r\u00f4me Schwyzer Pr\u00e4sidentLehrernetzwerk Schweiz Maria Pia Ambrosetti Co-Pr\u00e4sidentin HelvEthica Ticino Daniel Trappitsch Pr\u00e4sident Netzwerk Impfentscheid<\/p>","protected":false},"author":2,"featured_media":0,"parent":0,"menu_order":0,"comment_status":"closed","ping_status":"closed","template":"","meta":{"footnotes":""},"class_list":["post-17","page","type-page","status-publish","hentry"],"blocksy_meta":[],"yoast_head":"<!-- This site is optimized with the Yoast SEO plugin v25.5 - https:\/\/yoast.com\/wordpress\/plugins\/seo\/ -->\n<title>Komitee - STAATSMEDIEN? NEIN DANKE<\/title>\n<meta name=\"robots\" content=\"index, follow, max-snippet:-1, max-image-preview:large, max-video-preview:-1\" \/>\n<link rel=\"canonical\" href=\"https:\/\/staatsmedien-nein-danke.ch\/fr\/komitee\/\" \/>\n<meta property=\"og:locale\" content=\"fr_FR\" \/>\n<meta property=\"og:type\" content=\"article\" \/>\n<meta property=\"og:title\" content=\"Komitee - STAATSMEDIEN? NEIN DANKE\" \/>\n<meta property=\"og:description\" content=\"\ud83d\udc65 Komitee Dr. Roland B\u00fchlmann Pr\u00e4sidentFreunde der Verfassung Remko Leimbach Pr\u00e4sidentAufrecht Schweiz Thomas B\u00f6rlin Pr\u00e4sidentVerfassungsb\u00fcndnis Schweiz Josef Ender Pr\u00e4sidentAktionsb\u00fcndnis Urkantone J\u00e9r\u00f4me Schwyzer Pr\u00e4sidentLehrernetzwerk Schweiz Maria Pia Ambrosetti Co-Pr\u00e4sidentin HelvEthica Ticino Daniel Trappitsch Pr\u00e4sident Netzwerk Impfentscheid\" \/>\n<meta property=\"og:url\" content=\"https:\/\/staatsmedien-nein-danke.ch\/fr\/komitee\/\" \/>\n<meta property=\"og:site_name\" content=\"STAATSMEDIEN? NEIN DANKE\" \/>\n<meta property=\"article:publisher\" content=\"https:\/\/www.facebook.com\/verfassungsfreunde.ch\" \/>\n<meta property=\"article:modified_time\" content=\"2025-05-15T13:42:26+00:00\" \/>\n<meta property=\"og:image\" content=\"https:\/\/staatsmedien-nein-danke.ch\/wp-content\/uploads\/2025\/05\/Roland_Buehlmann.jpg\" \/>\n<meta name=\"twitter:card\" content=\"summary_large_image\" \/>\n<meta name=\"twitter:site\" content=\"@FdVerfassung\" \/>\n<script type=\"application\/ld+json\" class=\"yoast-schema-graph\">{\"@context\":\"https:\/\/schema.org\",\"@graph\":[{\"@type\":\"WebPage\",\"@id\":\"https:\/\/staatsmedien-nein-danke.ch\/komitee\/\",\"url\":\"https:\/\/staatsmedien-nein-danke.ch\/komitee\/\",\"name\":\"Komitee - STAATSMEDIEN? NEIN DANKE\",\"isPartOf\":{\"@id\":\"https:\/\/staatsmedien-nein-danke.ch\/fr\/#website\"},\"primaryImageOfPage\":{\"@id\":\"https:\/\/staatsmedien-nein-danke.ch\/komitee\/#primaryimage\"},\"image\":{\"@id\":\"https:\/\/staatsmedien-nein-danke.ch\/komitee\/#primaryimage\"},\"thumbnailUrl\":\"https:\/\/staatsmedien-nein-danke.ch\/wp-content\/uploads\/2025\/05\/Roland_Buehlmann.jpg\",\"datePublished\":\"2025-05-06T11:47:12+00:00\",\"dateModified\":\"2025-05-15T13:42:26+00:00\",\"breadcrumb\":{\"@id\":\"https:\/\/staatsmedien-nein-danke.ch\/komitee\/#breadcrumb\"},\"inLanguage\":\"fr-FR\",\"potentialAction\":[{\"@type\":\"ReadAction\",\"target\":[\"https:\/\/staatsmedien-nein-danke.ch\/komitee\/\"]}]},{\"@type\":\"ImageObject\",\"inLanguage\":\"fr-FR\",\"@id\":\"https:\/\/staatsmedien-nein-danke.ch\/komitee\/#primaryimage\",\"url\":\"https:\/\/staatsmedien-nein-danke.ch\/wp-content\/uploads\/2025\/05\/Roland_Buehlmann.jpg\",\"contentUrl\":\"https:\/\/staatsmedien-nein-danke.ch\/wp-content\/uploads\/2025\/05\/Roland_Buehlmann.jpg\"},{\"@type\":\"BreadcrumbList\",\"@id\":\"https:\/\/staatsmedien-nein-danke.ch\/komitee\/#breadcrumb\",\"itemListElement\":[{\"@type\":\"ListItem\",\"position\":1,\"name\":\"Startseite\",\"item\":\"https:\/\/staatsmedien-nein-danke.ch\/\"},{\"@type\":\"ListItem\",\"position\":2,\"name\":\"Komitee\"}]},{\"@type\":\"WebSite\",\"@id\":\"https:\/\/staatsmedien-nein-danke.ch\/fr\/#website\",\"url\":\"https:\/\/staatsmedien-nein-danke.ch\/fr\/\",\"name\":\"STAATSMEDIEN? NEIN DANKE\",\"description\":\"\",\"publisher\":{\"@id\":\"https:\/\/staatsmedien-nein-danke.ch\/fr\/#organization\"},\"potentialAction\":[{\"@type\":\"SearchAction\",\"target\":{\"@type\":\"EntryPoint\",\"urlTemplate\":\"https:\/\/staatsmedien-nein-danke.ch\/fr\/?s={search_term_string}\"},\"query-input\":{\"@type\":\"PropertyValueSpecification\",\"valueRequired\":true,\"valueName\":\"search_term_string\"}}],\"inLanguage\":\"fr-FR\"},{\"@type\":\"Organization\",\"@id\":\"https:\/\/staatsmedien-nein-danke.ch\/fr\/#organization\",\"name\":\"STAATSMEDIEN? NEIN DANKE\",\"url\":\"https:\/\/staatsmedien-nein-danke.ch\/fr\/\",\"logo\":{\"@type\":\"ImageObject\",\"inLanguage\":\"fr-FR\",\"@id\":\"https:\/\/staatsmedien-nein-danke.ch\/fr\/#\/schema\/logo\/image\/\",\"url\":\"https:\/\/staatsmedien-nein-danke.ch\/wp-content\/uploads\/2025\/05\/phplist_Mediengesetz_de.png\",\"contentUrl\":\"https:\/\/staatsmedien-nein-danke.ch\/wp-content\/uploads\/2025\/05\/phplist_Mediengesetz_de.png\",\"width\":450,\"height\":483,\"caption\":\"STAATSMEDIEN? NEIN DANKE\"},\"image\":{\"@id\":\"https:\/\/staatsmedien-nein-danke.ch\/fr\/#\/schema\/logo\/image\/\"},\"sameAs\":[\"https:\/\/www.facebook.com\/verfassungsfreunde.ch\",\"https:\/\/x.com\/FdVerfassung\"]}]}<\/script>\n<!-- \/ Yoast SEO plugin. -->","yoast_head_json":{"title":"Komitee - STAATSMEDIEN? NEIN DANKE","robots":{"index":"index","follow":"follow","max-snippet":"max-snippet:-1","max-image-preview":"max-image-preview:large","max-video-preview":"max-video-preview:-1"},"canonical":"https:\/\/staatsmedien-nein-danke.ch\/fr\/komitee\/","og_locale":"fr_FR","og_type":"article","og_title":"Komitee - STAATSMEDIEN? NEIN DANKE","og_description":"\ud83d\udc65 Komitee Dr. Roland B\u00fchlmann Pr\u00e4sidentFreunde der Verfassung Remko Leimbach Pr\u00e4sidentAufrecht Schweiz Thomas B\u00f6rlin Pr\u00e4sidentVerfassungsb\u00fcndnis Schweiz Josef Ender Pr\u00e4sidentAktionsb\u00fcndnis Urkantone J\u00e9r\u00f4me Schwyzer Pr\u00e4sidentLehrernetzwerk Schweiz Maria Pia Ambrosetti Co-Pr\u00e4sidentin HelvEthica Ticino Daniel Trappitsch Pr\u00e4sident Netzwerk Impfentscheid","og_url":"https:\/\/staatsmedien-nein-danke.ch\/fr\/komitee\/","og_site_name":"STAATSMEDIEN? NEIN DANKE","article_publisher":"https:\/\/www.facebook.com\/verfassungsfreunde.ch","article_modified_time":"2025-05-15T13:42:26+00:00","og_image":[{"url":"https:\/\/staatsmedien-nein-danke.ch\/wp-content\/uploads\/2025\/05\/Roland_Buehlmann.jpg","type":"","width":"","height":""}],"twitter_card":"summary_large_image","twitter_site":"@FdVerfassung","schema":{"@context":"https:\/\/schema.org","@graph":[{"@type":"WebPage","@id":"https:\/\/staatsmedien-nein-danke.ch\/komitee\/","url":"https:\/\/staatsmedien-nein-danke.ch\/komitee\/","name":"Komitee - STAATSMEDIEN? NEIN DANKE","isPartOf":{"@id":"https:\/\/staatsmedien-nein-danke.ch\/fr\/#website"},"primaryImageOfPage":{"@id":"https:\/\/staatsmedien-nein-danke.ch\/komitee\/#primaryimage"},"image":{"@id":"https:\/\/staatsmedien-nein-danke.ch\/komitee\/#primaryimage"},"thumbnailUrl":"https:\/\/staatsmedien-nein-danke.ch\/wp-content\/uploads\/2025\/05\/Roland_Buehlmann.jpg","datePublished":"2025-05-06T11:47:12+00:00","dateModified":"2025-05-15T13:42:26+00:00","breadcrumb":{"@id":"https:\/\/staatsmedien-nein-danke.ch\/komitee\/#breadcrumb"},"inLanguage":"fr-FR","potentialAction":[{"@type":"ReadAction","target":["https:\/\/staatsmedien-nein-danke.ch\/komitee\/"]}]},{"@type":"ImageObject","inLanguage":"fr-FR","@id":"https:\/\/staatsmedien-nein-danke.ch\/komitee\/#primaryimage","url":"https:\/\/staatsmedien-nein-danke.ch\/wp-content\/uploads\/2025\/05\/Roland_Buehlmann.jpg","contentUrl":"https:\/\/staatsmedien-nein-danke.ch\/wp-content\/uploads\/2025\/05\/Roland_Buehlmann.jpg"},{"@type":"BreadcrumbList","@id":"https:\/\/staatsmedien-nein-danke.ch\/komitee\/#breadcrumb","itemListElement":[{"@type":"ListItem","position":1,"name":"Startseite","item":"https:\/\/staatsmedien-nein-danke.ch\/"},{"@type":"ListItem","position":2,"name":"Komitee"}]},{"@type":"WebSite","@id":"https:\/\/staatsmedien-nein-danke.ch\/fr\/#website","url":"https:\/\/staatsmedien-nein-danke.ch\/fr\/","name":"M\u00c9DIAS D\u2019\u00c9TAT? NON MERCI","description":"","publisher":{"@id":"https:\/\/staatsmedien-nein-danke.ch\/fr\/#organization"},"potentialAction":[{"@type":"SearchAction","target":{"@type":"EntryPoint","urlTemplate":"https:\/\/staatsmedien-nein-danke.ch\/fr\/?s={search_term_string}"},"query-input":{"@type":"PropertyValueSpecification","valueRequired":true,"valueName":"search_term_string"}}],"inLanguage":"fr-FR"},{"@type":"Organization","@id":"https:\/\/staatsmedien-nein-danke.ch\/fr\/#organization","name":"M\u00c9DIAS D\u2019\u00c9TAT? NON MERCI","url":"https:\/\/staatsmedien-nein-danke.ch\/fr\/","logo":{"@type":"ImageObject","inLanguage":"fr-FR","@id":"https:\/\/staatsmedien-nein-danke.ch\/fr\/#\/schema\/logo\/image\/","url":"https:\/\/staatsmedien-nein-danke.ch\/wp-content\/uploads\/2025\/05\/phplist_Mediengesetz_de.png","contentUrl":"https:\/\/staatsmedien-nein-danke.ch\/wp-content\/uploads\/2025\/05\/phplist_Mediengesetz_de.png","width":450,"height":483,"caption":"STAATSMEDIEN? NEIN DANKE"},"image":{"@id":"https:\/\/staatsmedien-nein-danke.ch\/fr\/#\/schema\/logo\/image\/"},"sameAs":["https:\/\/www.facebook.com\/verfassungsfreunde.ch","https:\/\/x.com\/FdVerfassung"]}]}},"_links":{"self":[{"href":"https:\/\/staatsmedien-nein-danke.ch\/fr\/wp-json\/wp\/v2\/pages\/17","targetHints":{"allow":["GET"]}}],"collection":[{"href":"https:\/\/staatsmedien-nein-danke.ch\/fr\/wp-json\/wp\/v2\/pages"}],"about":[{"href":"https:\/\/staatsmedien-nein-danke.ch\/fr\/wp-json\/wp\/v2\/types\/page"}],"author":[{"embeddable":true,"href":"https:\/\/staatsmedien-nein-danke.ch\/fr\/wp-json\/wp\/v2\/users\/2"}],"replies":[{"embeddable":true,"href":"https:\/\/staatsmedien-nein-danke.ch\/fr\/wp-json\/wp\/v2\/comments?post=17"}],"version-history":[{"count":0,"href":"https:\/\/staatsmedien-nein-danke.ch\/fr\/wp-json\/wp\/v2\/pages\/17\/revisions"}],"wp:attachment":[{"href":"https:\/\/staatsmedien-nein-danke.ch\/fr\/wp-json\/wp\/v2\/media?parent=17"}],"curies":[{"name":"wp","href":"https:\/\/api.w.org\/{rel}","templated":true}]}}