{"id":13,"date":"2025-05-06T13:46:00","date_gmt":"2025-05-06T11:46:00","guid":{"rendered":"https:\/\/staatsmedien-nein-danke.ch\/?page_id=13"},"modified":"2025-07-16T13:23:38","modified_gmt":"2025-07-16T11:23:38","slug":"referendum","status":"publish","type":"page","link":"https:\/\/staatsmedien-nein-danke.ch\/fr\/","title":{"rendered":"R\u00e9f\u00e9rendum"},"content":{"rendered":"<div data-elementor-type=\"wp-page\" data-elementor-id=\"13\" class=\"elementor elementor-13\" data-elementor-settings=\"{&quot;ha_cmc_init_switcher&quot;:&quot;no&quot;}\" data-elementor-post-type=\"page\">\n\t\t\t\t<div class=\"elementor-element elementor-element-49b1afe e-flex e-con-boxed e-con e-parent\" data-id=\"49b1afe\" data-element_type=\"container\" data-settings=\"{&quot;background_background&quot;:&quot;classic&quot;,&quot;_ha_eqh_enable&quot;:false}\" data-no-translation=\"\">\n\t\t\t\t\t<div class=\"e-con-inner\">\n\t\t<div class=\"elementor-element elementor-element-65ce0a3 e-con-full e-flex e-con e-child\" data-id=\"65ce0a3\" data-element_type=\"container\" data-settings=\"{&quot;background_background&quot;:&quot;classic&quot;,&quot;_ha_eqh_enable&quot;:false}\">\n\t\t\t\t<div class=\"elementor-element elementor-element-e27b1f7 elementor-widget__width-initial elementor-widget elementor-widget-heading\" data-id=\"e27b1f7\" data-element_type=\"widget\" data-widget_type=\"heading.default\">\n\t\t\t\t<div class=\"elementor-widget-container\">\n\t\t\t\t\t<h1 class=\"elementor-heading-title elementor-size-default\">NON aux millions d\u2019imp\u00f4ts pour les barons des m\u00e9dias<\/h1>\t\t\t\t<\/div>\n\t\t\t\t<\/div>\n\t\t\t\t<\/div>\n\t\t\t\t\t<\/div>\n\t\t\t\t<\/div>\n\t\t<div class=\"elementor-element elementor-element-b85c61c e-flex e-con-boxed e-con e-parent\" data-id=\"b85c61c\" data-element_type=\"container\" data-settings=\"{&quot;_ha_eqh_enable&quot;:false}\">\n\t\t\t\t\t<div class=\"e-con-inner\">\n\t\t<div class=\"elementor-element elementor-element-1357c26 e-con-full e-flex e-con e-child\" data-id=\"1357c26\" data-element_type=\"container\" data-settings=\"{&quot;_ha_eqh_enable&quot;:false}\">\n\t\t\t\t<div class=\"elementor-element elementor-element-3691f30 elementor-widget elementor-widget-heading\" data-id=\"3691f30\" data-element_type=\"widget\" data-widget_type=\"heading.default\">\n\t\t\t\t<div class=\"elementor-widget-container\">\n\t\t\t\t\t<h3 class=\"elementor-heading-title elementor-size-default\">Le r\u00e9f\u00e9rendum contre la modification de la loi sur la poste a malheureusement \u00e9chou\u00e9<\/h3>\t\t\t\t<\/div>\n\t\t\t\t<\/div>\n\t\t\t\t<\/div>\n\t\t<div class=\"elementor-element elementor-element-7c99b12 e-con-full e-flex e-con e-child\" data-id=\"7c99b12\" data-element_type=\"container\" data-settings=\"{&quot;_ha_eqh_enable&quot;:false}\">\n\t\t\t\t<\/div>\n\t\t\t\t\t<\/div>\n\t\t\t\t<\/div>\n\t\t<div class=\"elementor-element elementor-element-8e668c5 e-flex e-con-boxed e-con e-parent\" data-id=\"8e668c5\" data-element_type=\"container\" data-settings=\"{&quot;_ha_eqh_enable&quot;:false}\">\n\t\t\t\t\t<div class=\"e-con-inner\">\n\t\t\t\t<div class=\"elementor-element elementor-element-72a43f9 elementor-widget elementor-widget-text-editor\" data-id=\"72a43f9\" data-element_type=\"widget\" data-widget_type=\"text-editor.default\">\n\t\t\t\t<div class=\"elementor-widget-container\">\n\t\t\t\t\t\t\t\t\t<p data-start=\"144\" data-end=\"410\">Malgr\u00e9 un grand engagement et de nombreux efforts de la part de la population, le r\u00e9f\u00e9rendum contre l\u2019extension du financement indirect des m\u00e9dias d\u00e9cid\u00e9e par le Parlement n\u2019a pas pu aboutir. Le nombre requis de signatures valables a \u00e9t\u00e9 manqu\u00e9 de peu.<\/p><p data-start=\"412\" data-end=\"577\">Les raisons sont multiples : le lancement de la r\u00e9colte a \u00e9t\u00e9 tardif, l\u2019attention du public \u00e9tait tourn\u00e9e vers d\u2019autres sujets, et le soutien politique est rest\u00e9 limit\u00e9.<\/p><p data-start=\"579\" data-end=\"769\">Nous remercions chaleureusement toutes celles et alle ceux qui se sont investis avec conviction, temps et \u00e9nergie \u2013 que ce soit pour collecter des signatures, faire un don ou diffuser notre message.<\/p><p data-start=\"771\" data-end=\"925\">M\u00eame si cet objectif n\u2019a pas \u00e9t\u00e9 atteint, notre engagement pour un paysage m\u00e9diatique ind\u00e9pendant et une d\u00e9mocratie transparente reste intact.<\/p><p data-start=\"927\" data-end=\"1006\"><strong data-start=\"927\" data-end=\"1006\">\ud83d\udcaa Nous continuons \u2013 pour la libert\u00e9, les droits fondamentaux et une politique des m\u00e9dias \u00e9quitable.<\/strong><\/p>\t\t\t\t\t\t\t\t<\/div>\n\t\t\t\t<\/div>\n\t\t\t\t\t<\/div>\n\t\t\t\t<\/div>\n\t\t<div class=\"elementor-element elementor-element-bc1d91e e-flex e-con-boxed e-con e-parent\" data-id=\"bc1d91e\" data-element_type=\"container\" data-settings=\"{&quot;_ha_eqh_enable&quot;:false}\">\n\t\t\t\t\t<div class=\"e-con-inner\">\n\t\t\t\t<div class=\"elementor-element elementor-element-3fec7c9 elementor-widget-divider--view-line elementor-widget elementor-widget-divider\" data-id=\"3fec7c9\" data-element_type=\"widget\" data-widget_type=\"divider.default\">\n\t\t\t\t<div class=\"elementor-widget-container\">\n\t\t\t\t\t\t\t<div class=\"elementor-divider\">\n\t\t\t<span class=\"elementor-divider-separator\">\n\t\t\t\t\t\t<\/span>\n\t\t<\/div>\n\t\t\t\t\t\t<\/div>\n\t\t\t\t<\/div>\n\t\t\t\t<div class=\"elementor-element elementor-element-0d3e39d elementor-widget elementor-widget-spacer\" data-id=\"0d3e39d\" data-element_type=\"widget\" data-widget_type=\"spacer.default\">\n\t\t\t\t<div class=\"elementor-widget-container\">\n\t\t\t\t\t\t\t<div class=\"elementor-spacer\">\n\t\t\t<div class=\"elementor-spacer-inner\"><\/div>\n\t\t<\/div>\n\t\t\t\t\t\t<\/div>\n\t\t\t\t<\/div>\n\t\t\t\t<div class=\"elementor-element elementor-element-cb81036 elementor-widget elementor-widget-heading\" data-id=\"cb81036\" data-element_type=\"widget\" data-widget_type=\"heading.default\">\n\t\t\t\t<div class=\"elementor-widget-container\">\n\t\t\t\t\t<h3 class=\"elementor-heading-title elementor-size-default\">Le Parlement veut distribuer des milliards aux m\u00e9dias priv\u00e9s \u2013 contre la volont\u00e9 du peuple.<\/h3>\t\t\t\t<\/div>\n\t\t\t\t<\/div>\n\t\t\t\t<div class=\"elementor-element elementor-element-65eaf67 elementor-widget elementor-widget-text-editor\" data-id=\"65eaf67\" data-element_type=\"widget\" data-widget_type=\"text-editor.default\">\n\t\t\t\t<div class=\"elementor-widget-container\">\n\t\t\t\t\t\t\t\t\t<p>En 2022, le peuple a clairement rejet\u00e9 de nouvelles subventions aux m\u00e9dias.\nMalgr\u00e9 cela, le Parlement veut augmenter massivement les aides \u2013 de 245 millions de francs.\nEt ce n\u2019est qu\u2019un d\u00e9but : au total, les \u00e9diteurs priv\u00e9s pourraient toucher <strong>plus de 1,4 milliard<\/strong> ces prochaines ann\u00e9es.<\/p><p><strong data-start=\"748\" data-end=\"803\">Aidez-nous \u00e0 stopper ce gaspillage d\u2019argent public.<\/strong><\/p>\t\t\t\t\t\t\t\t<\/div>\n\t\t\t\t<\/div>\n\t\t\t\t\t<\/div>\n\t\t\t\t<\/div>\n\t\t<div class=\"elementor-element elementor-element-dcd9ec1 e-flex e-con-boxed e-con e-parent\" data-id=\"dcd9ec1\" data-element_type=\"container\" data-settings=\"{&quot;_ha_eqh_enable&quot;:false}\">\n\t\t\t\t\t<div class=\"e-con-inner\">\n\t\t\t\t<div class=\"elementor-element elementor-element-021a032 elementor-widget elementor-widget-heading\" data-id=\"021a032\" data-element_type=\"widget\" data-widget_type=\"heading.default\">\n\t\t\t\t<div class=\"elementor-widget-container\">\n\t\t\t\t\t<h3 class=\"elementor-heading-title elementor-size-default\">\u274c Voici pourquoi nous disons NON \u00e0 la loi sur les m\u00e9dias contr\u00f4l\u00e9s<\/h3>\t\t\t\t<\/div>\n\t\t\t\t<\/div>\n\t\t\t\t\t<\/div>\n\t\t\t\t<\/div>\n\t\t<div class=\"elementor-element elementor-element-9a5de61 e-grid e-con-boxed e-con e-parent\" data-id=\"9a5de61\" data-element_type=\"container\" data-settings=\"{&quot;animation&quot;:&quot;none&quot;,&quot;_ha_eqh_enable&quot;:false}\">\n\t\t\t\t\t<div class=\"e-con-inner\">\n\t\t\t\t<div class=\"elementor-element elementor-element-8bc1456 ha-has-bg-overlay elementor-invisible elementor-widget elementor-widget-icon-box\" data-id=\"8bc1456\" data-element_type=\"widget\" data-settings=\"{&quot;_animation&quot;:&quot;fadeInUp&quot;}\" data-widget_type=\"icon-box.default\">\n\t\t\t\t<div class=\"elementor-widget-container\">\n\t\t\t\t\t\t\t<div class=\"elementor-icon-box-wrapper\">\n\n\t\t\t\n\t\t\t\t\t\t<div class=\"elementor-icon-box-content\">\n\n\t\t\t\t\t\t\t\t\t<h3 class=\"elementor-icon-box-title\">\n\t\t\t\t\t\t<span  >\n\t\t\t\t\t\t\tInformation sous d\u00e9pendance de l'\u00c9tat\t\t\t\t\t\t<\/span>\n\t\t\t\t\t<\/h3>\n\t\t\t\t\n\t\t\t\t\t\t\t\t\t<p class=\"elementor-icon-box-description\">\n\t\t\t\t\t\tCeux qui re\u00e7oivent de l'argent de l'\u00c9tat ne pourront pas garantir une information ind\u00e9pendante.\t\t\t\t\t<\/p>\n\t\t\t\t\n\t\t\t<\/div>\n\t\t\t\n\t\t<\/div>\n\t\t\t\t\t\t<\/div>\n\t\t\t\t<\/div>\n\t\t\t\t<div class=\"elementor-element elementor-element-a04c090 ha-has-bg-overlay elementor-invisible elementor-widget elementor-widget-icon-box\" data-id=\"a04c090\" data-element_type=\"widget\" data-settings=\"{&quot;_animation&quot;:&quot;fadeInUp&quot;,&quot;_animation_delay&quot;:150}\" data-widget_type=\"icon-box.default\">\n\t\t\t\t<div class=\"elementor-widget-container\">\n\t\t\t\t\t\t\t<div class=\"elementor-icon-box-wrapper\">\n\n\t\t\t\n\t\t\t\t\t\t<div class=\"elementor-icon-box-content\">\n\n\t\t\t\t\t\t\t\t\t<h3 class=\"elementor-icon-box-title\">\n\t\t\t\t\t\t<span  >\n\t\t\t\t\t\t\tLa volont\u00e9 populaire est ignor\u00e9e\t\t\t\t\t\t<\/span>\n\t\t\t\t\t<\/h3>\n\t\t\t\t\n\t\t\t\t\t\t\t\t\t<p class=\"elementor-icon-box-description\">\n\t\t\t\t\t\tMalgr\u00e9 le rejet clair du peuple en 2022, le Parlement continue de promouvoir de nouvelles subventions.\t\t\t\t\t<\/p>\n\t\t\t\t\n\t\t\t<\/div>\n\t\t\t\n\t\t<\/div>\n\t\t\t\t\t\t<\/div>\n\t\t\t\t<\/div>\n\t\t\t\t<div class=\"elementor-element elementor-element-1083282 ha-has-bg-overlay elementor-invisible elementor-widget elementor-widget-icon-box\" data-id=\"1083282\" data-element_type=\"widget\" data-settings=\"{&quot;_animation&quot;:&quot;fadeInUp&quot;,&quot;_animation_delay&quot;:300}\" data-widget_type=\"icon-box.default\">\n\t\t\t\t<div class=\"elementor-widget-container\">\n\t\t\t\t\t\t\t<div class=\"elementor-icon-box-wrapper\">\n\n\t\t\t\n\t\t\t\t\t\t<div class=\"elementor-icon-box-content\">\n\n\t\t\t\t\t\t\t\t\t<h3 class=\"elementor-icon-box-title\">\n\t\t\t\t\t\t<span  >\n\t\t\t\t\t\t\tDes milliards au lieu de l\u2019aust\u00e9rit\u00e9\t\t\t\t\t\t<\/span>\n\t\t\t\t\t<\/h3>\n\t\t\t\t\n\t\t\t\t\t\t\t\t\t<p class=\"elementor-icon-box-description\">\n\t\t\t\t\t\tPlus de 1,4 milliard de francs devraient \u00eatre attribu\u00e9s aux \u00e9diteurs priv\u00e9s \u2013 aux d\u00e9pens des contribuables.\t\t\t\t\t<\/p>\n\t\t\t\t\n\t\t\t<\/div>\n\t\t\t\n\t\t<\/div>\n\t\t\t\t\t\t<\/div>\n\t\t\t\t<\/div>\n\t\t\t\t<div class=\"elementor-element elementor-element-7511ac1 ha-has-bg-overlay elementor-invisible elementor-widget elementor-widget-icon-box\" data-id=\"7511ac1\" data-element_type=\"widget\" data-settings=\"{&quot;_animation&quot;:&quot;fadeInUp&quot;,&quot;_animation_delay&quot;:450}\" data-widget_type=\"icon-box.default\">\n\t\t\t\t<div class=\"elementor-widget-container\">\n\t\t\t\t\t\t\t<div class=\"elementor-icon-box-wrapper\">\n\n\t\t\t\n\t\t\t\t\t\t<div class=\"elementor-icon-box-content\">\n\n\t\t\t\t\t\t\t\t\t<h3 class=\"elementor-icon-box-title\">\n\t\t\t\t\t\t<span  >\n\t\t\t\t\t\t\tDistorsion du march\u00e9 des m\u00e9dias\t\t\t\t\t\t<\/span>\n\t\t\t\t\t<\/h3>\n\t\t\t\t\n\t\t\t\t\t\t\t\t\t<p class=\"elementor-icon-box-description\">\n\t\t\t\t\t\tLes \u00e9diteurs subventionn\u00e9s \u00e9vincent les petits \u00e9diteurs et les ind\u00e9pendants.\t\t\t\t\t<\/p>\n\t\t\t\t\n\t\t\t<\/div>\n\t\t\t\n\t\t<\/div>\n\t\t\t\t\t\t<\/div>\n\t\t\t\t<\/div>\n\t\t\t\t<div class=\"elementor-element elementor-element-c6e2259 ha-has-bg-overlay elementor-invisible elementor-widget elementor-widget-icon-box\" data-id=\"c6e2259\" data-element_type=\"widget\" data-settings=\"{&quot;_animation&quot;:&quot;fadeInUp&quot;,&quot;_animation_delay&quot;:600}\" data-widget_type=\"icon-box.default\">\n\t\t\t\t<div class=\"elementor-widget-container\">\n\t\t\t\t\t\t\t<div class=\"elementor-icon-box-wrapper\">\n\n\t\t\t\n\t\t\t\t\t\t<div class=\"elementor-icon-box-content\">\n\n\t\t\t\t\t\t\t\t\t<h3 class=\"elementor-icon-box-title\">\n\t\t\t\t\t\t<span  >\n\t\t\t\t\t\t\tCimentation des monopoles m\u00e9diatiques\t\t\t\t\t\t<\/span>\n\t\t\t\t\t<\/h3>\n\t\t\t\t\n\t\t\t\t\t\t\t\t\t<p class=\"elementor-icon-box-description\">\n\t\t\t\t\t\tLes grands groupes de presse sont les principaux b\u00e9n\u00e9ficiaires \u2013 la diversit\u00e9 et la concurrence sont mises de c\u00f4t\u00e9.\t\t\t\t\t<\/p>\n\t\t\t\t\n\t\t\t<\/div>\n\t\t\t\n\t\t<\/div>\n\t\t\t\t\t\t<\/div>\n\t\t\t\t<\/div>\n\t\t\t\t<div class=\"elementor-element elementor-element-288efad ha-has-bg-overlay elementor-invisible elementor-widget elementor-widget-icon-box\" data-id=\"288efad\" data-element_type=\"widget\" data-settings=\"{&quot;_animation&quot;:&quot;fadeInUp&quot;,&quot;_animation_delay&quot;:750}\" data-widget_type=\"icon-box.default\">\n\t\t\t\t<div class=\"elementor-widget-container\">\n\t\t\t\t\t\t\t<div class=\"elementor-icon-box-wrapper\">\n\n\t\t\t\n\t\t\t\t\t\t<div class=\"elementor-icon-box-content\">\n\n\t\t\t\t\t\t\t\t\t<h3 class=\"elementor-icon-box-title\">\n\t\t\t\t\t\t<span  >\n\t\t\t\t\t\t\tDiscrimination contre les m\u00e9dias gratuits\t\t\t\t\t\t<\/span>\n\t\t\t\t\t<\/h3>\n\t\t\t\t\n\t\t\t\t\t\t\t\t\t<p class=\"elementor-icon-box-description\">\n\t\t\t\t\t\tLes journaux gratuits et les plateformes num\u00e9riques sont d\u00e9savantag\u00e9s.\t\t\t\t\t<\/p>\n\t\t\t\t\n\t\t\t<\/div>\n\t\t\t\n\t\t<\/div>\n\t\t\t\t\t\t<\/div>\n\t\t\t\t<\/div>\n\t\t\t\t\t<\/div>\n\t\t\t\t<\/div>\n\t\t<div class=\"elementor-element elementor-element-0f9be99 e-flex e-con-boxed e-con e-parent\" data-id=\"0f9be99\" data-element_type=\"container\" data-settings=\"{&quot;_ha_eqh_enable&quot;:false}\">\n\t\t\t\t\t<div class=\"e-con-inner\">\n\t\t\t\t<div class=\"elementor-element elementor-element-e879ac7 elementor-widget elementor-widget-spacer\" data-id=\"e879ac7\" data-element_type=\"widget\" data-widget_type=\"spacer.default\">\n\t\t\t\t<div class=\"elementor-widget-container\">\n\t\t\t\t\t\t\t<div class=\"elementor-spacer\">\n\t\t\t<div class=\"elementor-spacer-inner\"><\/div>\n\t\t<\/div>\n\t\t\t\t\t\t<\/div>\n\t\t\t\t<\/div>\n\t\t\t\t<div class=\"elementor-element elementor-element-229977e elementor-widget elementor-widget-text-editor\" data-id=\"229977e\" data-element_type=\"widget\" data-widget_type=\"text-editor.default\">\n\t\t\t\t<div class=\"elementor-widget-container\">\n\t\t\t\t\t\t\t\t\t<p>Arr\u00eatons ensemble le gaspillage d\u2019argent public et la proximit\u00e9 croissante des m\u00e9dias avec l'\u00c9tat ! Pour la <strong data-start=\"2118\" data-end=\"2145\">libert\u00e9 d'expression<\/strong>, <strong data-start=\"2147\" data-end=\"2161\">la d\u00e9mocratie<\/strong> et un <strong data-start=\"2171\" data-end=\"2203\">paysage m\u00e9diatique ind\u00e9pendant.<\/strong>.<\/p>\t\t\t\t\t\t\t\t<\/div>\n\t\t\t\t<\/div>\n\t\t\t\t\t<\/div>\n\t\t\t\t<\/div>\n\t\t<div class=\"elementor-element elementor-element-38ec8af e-flex e-con-boxed e-con e-parent\" data-id=\"38ec8af\" data-element_type=\"container\" data-settings=\"{&quot;_ha_eqh_enable&quot;:false}\">\n\t\t\t\t\t<div class=\"e-con-inner\">\n\t\t\t\t<div class=\"elementor-element elementor-element-f6f4451 elementor-widget elementor-widget-spacer\" data-id=\"f6f4451\" data-element_type=\"widget\" data-widget_type=\"spacer.default\">\n\t\t\t\t<div class=\"elementor-widget-container\">\n\t\t\t\t\t\t\t<div class=\"elementor-spacer\">\n\t\t\t<div class=\"elementor-spacer-inner\"><\/div>\n\t\t<\/div>\n\t\t\t\t\t\t<\/div>\n\t\t\t\t<\/div>\n\t\t\t\t<div class=\"elementor-element elementor-element-57679ed elementor-widget elementor-widget-heading\" data-id=\"57679ed\" data-element_type=\"widget\" id=\"unterstuetzen\" data-widget_type=\"heading.default\">\n\t\t\t\t<div class=\"elementor-widget-container\">\n\t\t\t\t\t<h3 class=\"elementor-heading-title elementor-size-default\">\ud83e\udd1d Soutenir<\/h3>\t\t\t\t<\/div>\n\t\t\t\t<\/div>\n\t\t\t\t<div class=\"elementor-element elementor-element-79382c9 elementor-widget elementor-widget-text-editor\" data-id=\"79382c9\" data-element_type=\"widget\" data-widget_type=\"text-editor.default\">\n\t\t\t\t<div class=\"elementor-widget-container\">\n\t\t\t\t\t\t\t\t\t<p>Ensemble, nous pouvons envoyer un signal fort contre les m\u00e9dias d\u2019\u00c9tat et pour un paysage m\u00e9diatique ind\u00e9pendant \u2013 soutiens notre r\u00e9f\u00e9rendum par un don ou en devenant membre!<\/p>\t\t\t\t\t\t\t\t<\/div>\n\t\t\t\t<\/div>\n\t\t\t\t\t<\/div>\n\t\t\t\t<\/div>\n\t\t<div class=\"elementor-element elementor-element-c00470a e-flex e-con-boxed e-con e-parent\" data-id=\"c00470a\" data-element_type=\"container\" data-settings=\"{&quot;_ha_eqh_enable&quot;:false}\">\n\t\t\t\t\t<div class=\"e-con-inner\">\n\t\t<div class=\"elementor-element elementor-element-cfade00 e-con-full e-flex e-con e-child\" data-id=\"cfade00\" data-element_type=\"container\" data-settings=\"{&quot;background_background&quot;:&quot;classic&quot;,&quot;_ha_eqh_enable&quot;:false}\">\n\t\t\t\t<div class=\"elementor-element elementor-element-c366831 e-transform elementor-widget__width-initial elementor-invisible elementor-widget elementor-widget-button\" data-id=\"c366831\" data-element_type=\"widget\" data-settings=\"{&quot;_animation&quot;:&quot;slideInUp&quot;,&quot;_transform_scale_effect_hover&quot;:{&quot;unit&quot;:&quot;px&quot;,&quot;size&quot;:1.02,&quot;sizes&quot;:[]},&quot;_transform_scale_effect_hover_tablet&quot;:{&quot;unit&quot;:&quot;px&quot;,&quot;size&quot;:&quot;&quot;,&quot;sizes&quot;:[]},&quot;_transform_scale_effect_hover_mobile&quot;:{&quot;unit&quot;:&quot;px&quot;,&quot;size&quot;:&quot;&quot;,&quot;sizes&quot;:[]}}\" data-widget_type=\"button.default\">\n\t\t\t\t<div class=\"elementor-widget-container\">\n\t\t\t\t\t\t\t\t\t<div class=\"elementor-button-wrapper\">\n\t\t\t\t\t<a class=\"elementor-button elementor-button-link elementor-size-sm\" href=\"https:\/\/verfassungsfreunde.ch\/de\/mitmachen\/#spenden\">\n\t\t\t\t\t\t<span class=\"elementor-button-content-wrapper\">\n\t\t\t\t\t\t<span class=\"elementor-button-icon\">\n\t\t\t\t<svg aria-hidden=\"true\" class=\"e-font-icon-svg e-fas-donate\" viewbox=\"0 0 512 512\" xmlns=\"http:\/\/www.w3.org\/2000\/svg\"><path d=\"M256 416c114.9 0 208-93.1 208-208S370.9 0 256 0 48 93.1 48 208s93.1 208 208 208zM233.8 97.4V80.6c0-9.2 7.4-16.6 16.6-16.6h11.1c9.2 0 16.6 7.4 16.6 16.6v17c15.5.8 30.5 6.1 43 15.4 5.6 4.1 6.2 12.3 1.2 17.1L306 145.6c-3.8 3.7-9.5 3.8-14 1-5.4-3.4-11.4-5.1-17.8-5.1h-38.9c-9 0-16.3 8.2-16.3 18.3 0 8.2 5 15.5 12.1 17.6l62.3 18.7c25.7 7.7 43.7 32.4 43.7 60.1 0 34-26.4 61.5-59.1 62.4v16.8c0 9.2-7.4 16.6-16.6 16.6h-11.1c-9.2 0-16.6-7.4-16.6-16.6v-17c-15.5-.8-30.5-6.1-43-15.4-5.6-4.1-6.2-12.3-1.2-17.1l16.3-15.5c3.8-3.7 9.5-3.8 14-1 5.4 3.4 11.4 5.1 17.8 5.1h38.9c9 0 16.3-8.2 16.3-18.3 0-8.2-5-15.5-12.1-17.6l-62.3-18.7c-25.7-7.7-43.7-32.4-43.7-60.1.1-34 26.4-61.5 59.1-62.4zM480 352h-32.5c-19.6 26-44.6 47.7-73 64h63.8c5.3 0 9.6 3.6 9.6 8v16c0 4.4-4.3 8-9.6 8H73.6c-5.3 0-9.6-3.6-9.6-8v-16c0-4.4 4.3-8 9.6-8h63.8c-28.4-16.3-53.3-38-73-64H32c-17.7 0-32 14.3-32 32v96c0 17.7 14.3 32 32 32h448c17.7 0 32-14.3 32-32v-96c0-17.7-14.3-32-32-32z\"><\/path><\/svg>\t\t\t<\/span>\n\t\t\t\t\t\t\t\t\t<span class=\"elementor-button-text\">Faire un don<\/span>\n\t\t\t\t\t<\/span>\n\t\t\t\t\t<\/a>\n\t\t\t\t<\/div>\n\t\t\t\t\t\t\t\t<\/div>\n\t\t\t\t<\/div>\n\t\t\t\t<\/div>\n\t\t<div class=\"elementor-element elementor-element-b1e4ba0 e-con-full e-flex e-con e-child\" data-id=\"b1e4ba0\" data-element_type=\"container\" data-settings=\"{&quot;background_background&quot;:&quot;classic&quot;,&quot;_ha_eqh_enable&quot;:false}\">\n\t\t\t\t<div class=\"elementor-element elementor-element-e7a3d38 e-transform elementor-invisible elementor-widget elementor-widget-button\" data-id=\"e7a3d38\" data-element_type=\"widget\" data-settings=\"{&quot;_animation&quot;:&quot;slideInUp&quot;,&quot;_transform_scale_effect_hover&quot;:{&quot;unit&quot;:&quot;px&quot;,&quot;size&quot;:1.02,&quot;sizes&quot;:[]},&quot;_transform_scale_effect_hover_tablet&quot;:{&quot;unit&quot;:&quot;px&quot;,&quot;size&quot;:&quot;&quot;,&quot;sizes&quot;:[]},&quot;_transform_scale_effect_hover_mobile&quot;:{&quot;unit&quot;:&quot;px&quot;,&quot;size&quot;:&quot;&quot;,&quot;sizes&quot;:[]}}\" data-widget_type=\"button.default\">\n\t\t\t\t<div class=\"elementor-widget-container\">\n\t\t\t\t\t\t\t\t\t<div class=\"elementor-button-wrapper\">\n\t\t\t\t\t<a class=\"elementor-button elementor-button-link elementor-size-sm\" href=\"https:\/\/verfassungsfreunde.ch\/de\/mitmachen\/#mitglied-werden\">\n\t\t\t\t\t\t<span class=\"elementor-button-content-wrapper\">\n\t\t\t\t\t\t<span class=\"elementor-button-icon\">\n\t\t\t\t<svg aria-hidden=\"true\" class=\"e-font-icon-svg e-fas-hands-helping\" viewbox=\"0 0 640 512\" xmlns=\"http:\/\/www.w3.org\/2000\/svg\"><path d=\"M488 192H336v56c0 39.7-32.3 72-72 72s-72-32.3-72-72V126.4l-64.9 39C107.8 176.9 96 197.8 96 220.2v47.3l-80 46.2C.7 322.5-4.6 342.1 4.3 357.4l80 138.6c8.8 15.3 28.4 20.5 43.7 11.7L231.4 448H368c35.3 0 64-28.7 64-64h16c17.7 0 32-14.3 32-32v-64h8c13.3 0 24-10.7 24-24v-48c0-13.3-10.7-24-24-24zm147.7-37.4L555.7 16C546.9.7 527.3-4.5 512 4.3L408.6 64H306.4c-12 0-23.7 3.4-33.9 9.7L239 94.6c-9.4 5.8-15 16.1-15 27.1V248c0 22.1 17.9 40 40 40s40-17.9 40-40v-88h184c30.9 0 56 25.1 56 56v28.5l80-46.2c15.3-8.9 20.5-28.4 11.7-43.7z\"><\/path><\/svg>\t\t\t<\/span>\n\t\t\t\t\t\t\t\t\t<span class=\"elementor-button-text\">Devenir membre des Amis de la Constitution<\/span>\n\t\t\t\t\t<\/span>\n\t\t\t\t\t<\/a>\n\t\t\t\t<\/div>\n\t\t\t\t\t\t\t\t<\/div>\n\t\t\t\t<\/div>\n\t\t\t\t<\/div>\n\t\t\t\t\t<\/div>\n\t\t\t\t<\/div>\n\t\t<div class=\"elementor-element elementor-element-6002576 e-flex e-con-boxed e-con e-parent\" data-id=\"6002576\" data-element_type=\"container\" data-settings=\"{&quot;_ha_eqh_enable&quot;:false}\">\n\t\t\t\t\t<div class=\"e-con-inner\">\n\t\t\t\t<div class=\"elementor-element elementor-element-f5f712b elementor-widget elementor-widget-spacer\" data-id=\"f5f712b\" data-element_type=\"widget\" data-widget_type=\"spacer.default\">\n\t\t\t\t<div class=\"elementor-widget-container\">\n\t\t\t\t\t\t\t<div class=\"elementor-spacer\">\n\t\t\t<div class=\"elementor-spacer-inner\"><\/div>\n\t\t<\/div>\n\t\t\t\t\t\t<\/div>\n\t\t\t\t<\/div>\n\t\t\t\t\t<\/div>\n\t\t\t\t<\/div>\n\t\t\t\t<\/div>","protected":false},"excerpt":{"rendered":"<p>Keine Steuermillionen f\u00fcr Medienkonzerne NO ai milioni delle imposte per i grandi gruppi mediatici NON aux millions d\u2019imp\u00f4ts pour les barons des m\u00e9dias Das Referendum gegen die \u00c4nderung des Postgesetzes ist leider gescheitert Trotz grossem Engagement und viel Einsatz aus der Bev\u00f6lkerung konnte das Referendum gegen die vom Parlament beschlossene Erweiterung der indirekten Medienf\u00f6rderung nicht [&hellip;]<\/p>","protected":false},"author":2,"featured_media":0,"parent":0,"menu_order":0,"comment_status":"closed","ping_status":"closed","template":"","meta":{"footnotes":""},"class_list":["post-13","page","type-page","status-publish","hentry"],"blocksy_meta":[],"yoast_head":"<!-- This site is optimized with the Yoast SEO plugin v25.5 - https:\/\/yoast.com\/wordpress\/plugins\/seo\/ -->\n<title>Referendum - STAATSMEDIEN? NEIN DANKE<\/title>\n<meta name=\"robots\" content=\"index, follow, max-snippet:-1, max-image-preview:large, max-video-preview:-1\" \/>\n<link rel=\"canonical\" href=\"https:\/\/staatsmedien-nein-danke.ch\/fr\/\" \/>\n<meta property=\"og:locale\" content=\"fr_FR\" \/>\n<meta property=\"og:type\" content=\"article\" \/>\n<meta property=\"og:title\" content=\"Referendum - STAATSMEDIEN? NEIN DANKE\" \/>\n<meta property=\"og:description\" content=\"Keine Steuermillionen f\u00fcr Medienkonzerne NO ai milioni delle imposte per i grandi gruppi mediatici NON aux millions d\u2019imp\u00f4ts pour les barons des m\u00e9dias Das Referendum gegen die \u00c4nderung des Postgesetzes ist leider gescheitert Trotz grossem Engagement und viel Einsatz aus der Bev\u00f6lkerung konnte das Referendum gegen die vom Parlament beschlossene Erweiterung der indirekten Medienf\u00f6rderung nicht [&hellip;]\" \/>\n<meta property=\"og:url\" content=\"https:\/\/staatsmedien-nein-danke.ch\/fr\/\" \/>\n<meta property=\"og:site_name\" content=\"STAATSMEDIEN? NEIN DANKE\" \/>\n<meta property=\"article:publisher\" content=\"https:\/\/www.facebook.com\/verfassungsfreunde.ch\" \/>\n<meta property=\"article:modified_time\" content=\"2025-07-16T11:23:38+00:00\" \/>\n<meta name=\"twitter:card\" content=\"summary_large_image\" \/>\n<meta name=\"twitter:site\" content=\"@FdVerfassung\" \/>\n<meta name=\"twitter:label1\" content=\"Dur\u00e9e de lecture estim\u00e9e\" \/>\n\t<meta name=\"twitter:data1\" content=\"2 minutes\" \/>\n<script type=\"application\/ld+json\" class=\"yoast-schema-graph\">{\"@context\":\"https:\/\/schema.org\",\"@graph\":[{\"@type\":\"WebPage\",\"@id\":\"https:\/\/staatsmedien-nein-danke.ch\/\",\"url\":\"https:\/\/staatsmedien-nein-danke.ch\/\",\"name\":\"Referendum - STAATSMEDIEN? NEIN DANKE\",\"isPartOf\":{\"@id\":\"https:\/\/staatsmedien-nein-danke.ch\/fr\/#website\"},\"datePublished\":\"2025-05-06T11:46:00+00:00\",\"dateModified\":\"2025-07-16T11:23:38+00:00\",\"breadcrumb\":{\"@id\":\"https:\/\/staatsmedien-nein-danke.ch\/#breadcrumb\"},\"inLanguage\":\"fr-FR\",\"potentialAction\":[{\"@type\":\"ReadAction\",\"target\":[\"https:\/\/staatsmedien-nein-danke.ch\/\"]}]},{\"@type\":\"BreadcrumbList\",\"@id\":\"https:\/\/staatsmedien-nein-danke.ch\/#breadcrumb\",\"itemListElement\":[{\"@type\":\"ListItem\",\"position\":1,\"name\":\"Startseite\",\"item\":\"https:\/\/staatsmedien-nein-danke.ch\/\"},{\"@type\":\"ListItem\",\"position\":2,\"name\":\"Referendum\"}]},{\"@type\":\"WebSite\",\"@id\":\"https:\/\/staatsmedien-nein-danke.ch\/fr\/#website\",\"url\":\"https:\/\/staatsmedien-nein-danke.ch\/fr\/\",\"name\":\"STAATSMEDIEN? NEIN DANKE\",\"description\":\"\",\"publisher\":{\"@id\":\"https:\/\/staatsmedien-nein-danke.ch\/fr\/#organization\"},\"potentialAction\":[{\"@type\":\"SearchAction\",\"target\":{\"@type\":\"EntryPoint\",\"urlTemplate\":\"https:\/\/staatsmedien-nein-danke.ch\/fr\/?s={search_term_string}\"},\"query-input\":{\"@type\":\"PropertyValueSpecification\",\"valueRequired\":true,\"valueName\":\"search_term_string\"}}],\"inLanguage\":\"fr-FR\"},{\"@type\":\"Organization\",\"@id\":\"https:\/\/staatsmedien-nein-danke.ch\/fr\/#organization\",\"name\":\"STAATSMEDIEN? NEIN DANKE\",\"url\":\"https:\/\/staatsmedien-nein-danke.ch\/fr\/\",\"logo\":{\"@type\":\"ImageObject\",\"inLanguage\":\"fr-FR\",\"@id\":\"https:\/\/staatsmedien-nein-danke.ch\/fr\/#\/schema\/logo\/image\/\",\"url\":\"https:\/\/staatsmedien-nein-danke.ch\/wp-content\/uploads\/2025\/05\/phplist_Mediengesetz_de.png\",\"contentUrl\":\"https:\/\/staatsmedien-nein-danke.ch\/wp-content\/uploads\/2025\/05\/phplist_Mediengesetz_de.png\",\"width\":450,\"height\":483,\"caption\":\"STAATSMEDIEN? NEIN DANKE\"},\"image\":{\"@id\":\"https:\/\/staatsmedien-nein-danke.ch\/fr\/#\/schema\/logo\/image\/\"},\"sameAs\":[\"https:\/\/www.facebook.com\/verfassungsfreunde.ch\",\"https:\/\/x.com\/FdVerfassung\"]}]}<\/script>\n<!-- \/ Yoast SEO plugin. -->","yoast_head_json":{"title":"Referendum - STAATSMEDIEN? NEIN DANKE","robots":{"index":"index","follow":"follow","max-snippet":"max-snippet:-1","max-image-preview":"max-image-preview:large","max-video-preview":"max-video-preview:-1"},"canonical":"https:\/\/staatsmedien-nein-danke.ch\/fr\/","og_locale":"fr_FR","og_type":"article","og_title":"Referendum - STAATSMEDIEN? NEIN DANKE","og_description":"Keine Steuermillionen f\u00fcr Medienkonzerne NO ai milioni delle imposte per i grandi gruppi mediatici NON aux millions d\u2019imp\u00f4ts pour les barons des m\u00e9dias Das Referendum gegen die \u00c4nderung des Postgesetzes ist leider gescheitert Trotz grossem Engagement und viel Einsatz aus der Bev\u00f6lkerung konnte das Referendum gegen die vom Parlament beschlossene Erweiterung der indirekten Medienf\u00f6rderung nicht [&hellip;]","og_url":"https:\/\/staatsmedien-nein-danke.ch\/fr\/","og_site_name":"STAATSMEDIEN? NEIN DANKE","article_publisher":"https:\/\/www.facebook.com\/verfassungsfreunde.ch","article_modified_time":"2025-07-16T11:23:38+00:00","twitter_card":"summary_large_image","twitter_site":"@FdVerfassung","twitter_misc":{"Dur\u00e9e de lecture estim\u00e9e":"2 minutes"},"schema":{"@context":"https:\/\/schema.org","@graph":[{"@type":"WebPage","@id":"https:\/\/staatsmedien-nein-danke.ch\/","url":"https:\/\/staatsmedien-nein-danke.ch\/","name":"Referendum - STAATSMEDIEN? NEIN DANKE","isPartOf":{"@id":"https:\/\/staatsmedien-nein-danke.ch\/fr\/#website"},"datePublished":"2025-05-06T11:46:00+00:00","dateModified":"2025-07-16T11:23:38+00:00","breadcrumb":{"@id":"https:\/\/staatsmedien-nein-danke.ch\/#breadcrumb"},"inLanguage":"fr-FR","potentialAction":[{"@type":"ReadAction","target":["https:\/\/staatsmedien-nein-danke.ch\/"]}]},{"@type":"BreadcrumbList","@id":"https:\/\/staatsmedien-nein-danke.ch\/#breadcrumb","itemListElement":[{"@type":"ListItem","position":1,"name":"Startseite","item":"https:\/\/staatsmedien-nein-danke.ch\/"},{"@type":"ListItem","position":2,"name":"Referendum"}]},{"@type":"WebSite","@id":"https:\/\/staatsmedien-nein-danke.ch\/fr\/#website","url":"https:\/\/staatsmedien-nein-danke.ch\/fr\/","name":"M\u00c9DIAS D\u2019\u00c9TAT? NON MERCI","description":"","publisher":{"@id":"https:\/\/staatsmedien-nein-danke.ch\/fr\/#organization"},"potentialAction":[{"@type":"SearchAction","target":{"@type":"EntryPoint","urlTemplate":"https:\/\/staatsmedien-nein-danke.ch\/fr\/?s={search_term_string}"},"query-input":{"@type":"PropertyValueSpecification","valueRequired":true,"valueName":"search_term_string"}}],"inLanguage":"fr-FR"},{"@type":"Organization","@id":"https:\/\/staatsmedien-nein-danke.ch\/fr\/#organization","name":"M\u00c9DIAS D\u2019\u00c9TAT? NON MERCI","url":"https:\/\/staatsmedien-nein-danke.ch\/fr\/","logo":{"@type":"ImageObject","inLanguage":"fr-FR","@id":"https:\/\/staatsmedien-nein-danke.ch\/fr\/#\/schema\/logo\/image\/","url":"https:\/\/staatsmedien-nein-danke.ch\/wp-content\/uploads\/2025\/05\/phplist_Mediengesetz_de.png","contentUrl":"https:\/\/staatsmedien-nein-danke.ch\/wp-content\/uploads\/2025\/05\/phplist_Mediengesetz_de.png","width":450,"height":483,"caption":"STAATSMEDIEN? NEIN DANKE"},"image":{"@id":"https:\/\/staatsmedien-nein-danke.ch\/fr\/#\/schema\/logo\/image\/"},"sameAs":["https:\/\/www.facebook.com\/verfassungsfreunde.ch","https:\/\/x.com\/FdVerfassung"]}]}},"_links":{"self":[{"href":"https:\/\/staatsmedien-nein-danke.ch\/fr\/wp-json\/wp\/v2\/pages\/13","targetHints":{"allow":["GET"]}}],"collection":[{"href":"https:\/\/staatsmedien-nein-danke.ch\/fr\/wp-json\/wp\/v2\/pages"}],"about":[{"href":"https:\/\/staatsmedien-nein-danke.ch\/fr\/wp-json\/wp\/v2\/types\/page"}],"author":[{"embeddable":true,"href":"https:\/\/staatsmedien-nein-danke.ch\/fr\/wp-json\/wp\/v2\/users\/2"}],"replies":[{"embeddable":true,"href":"https:\/\/staatsmedien-nein-danke.ch\/fr\/wp-json\/wp\/v2\/comments?post=13"}],"version-history":[{"count":0,"href":"https:\/\/staatsmedien-nein-danke.ch\/fr\/wp-json\/wp\/v2\/pages\/13\/revisions"}],"wp:attachment":[{"href":"https:\/\/staatsmedien-nein-danke.ch\/fr\/wp-json\/wp\/v2\/media?parent=13"}],"curies":[{"name":"wp","href":"https:\/\/api.w.org\/{rel}","templated":true}]}}